{"id":37763,"date":"2025-02-20T23:28:40","date_gmt":"2025-02-20T22:28:40","guid":{"rendered":"https:\/\/olemosaic.orbitalia.org\/producto\/cabra-figura-de-resina-de-12-cm-pintada-a-mano\/"},"modified":"2025-07-25T18:38:06","modified_gmt":"2025-07-25T16:38:06","slug":"cabra-figura-de-resina-de-12-cm-pintada-a-mao","status":"publish","type":"product","link":"https:\/\/olemosaic.orbitalia.org\/pt-pt\/produto\/cabra-figura-de-resina-de-12-cm-pintada-a-mao\/","title":{"rendered":"Cabra. Figura de mosaico de 12 cm."},"content":{"rendered":"<p>Esta figura de cabra de resina com efeito pintado \u00e0 m\u00e3o \u00e9 uma recorda\u00e7\u00e3o evocativa que capta a ess\u00eancia do folclore espanhol, ideal para turistas que procuram uma lembran\u00e7a aut\u00eantica. Com uma altura de 12 cm, esta encantadora cabra apresenta um design vibrante com pe\u00e7as coloridas que combinam tonalidades que v\u00e3o do vermelho e azul ao verde e amarelo. A arte do trencad\u00eds, t\u00edpica da Pen\u00ednsula Ib\u00e9rica, torna-se evidente na forma como estas cores se entrela\u00e7am para criar uma imagem alegre e din\u00e2mica.<\/p>\n<p>Cada figura \u00e9 elaborada de forma artesanal, o que garante que cada pe\u00e7a seja \u00fanica, refletindo a destreza artesanal local. Este detalhe torna-a um artigo n\u00e3o s\u00f3 decorativo, mas tamb\u00e9m uma representa\u00e7\u00e3o genu\u00edna da rica heran\u00e7a cultural de Espanha, onde a cabra simboliza a vida rural e a tradi\u00e7\u00e3o pecu\u00e1ria. Esta figura n\u00e3o s\u00f3 embeleza espa\u00e7os, como tamb\u00e9m serve como um excelente lembrete das belas tradi\u00e7\u00f5es espanholas e do seu vibrante folclore.<\/p>\n<p>Na Ol\u00e9 Mosaic, como distribuidores de recorda\u00e7\u00f5es aut\u00eanticas, oferecemos esta figura de cabra com efeito pintado \u00e0 m\u00e3o como uma op\u00e7\u00e3o excecional para lojas de presentes tur\u00edsticos que procuram produtos de destaque. \u00c9 um presente perfeito e uma excelente forma de levar um peda\u00e7o da cultura espanhola para casa, tornando-se uma recorda\u00e7\u00e3o atraente que certamente captar\u00e1 o interesse de todos os visitantes.<\/p>\n","protected":false},"excerpt":{"rendered":"<p>Figura de cabra com design artesanal, pintada \u00e0 m\u00e3o, com 12 cm de altura, que capta a ess\u00eancia do folclore espanhol. Decorada com um design vibrante de pe\u00e7as coloridas, esta figura apresenta uma combina\u00e7\u00e3o de tonalidades que v\u00e3o do vermelho e azul ao verde e amarelo, evocando a arte tradicional do trencad\u00eds. Ideal como recorda\u00e7\u00e3o ou elemento decorativo, representa a riqueza cultural da Pen\u00ednsula Ib\u00e9rica.<\/p>\n","protected":false},"featured_media":8761,"template":"","meta":{"_acf_changed":false},"product_brand":[],"product_cat":[552],"product_tag":[516],"class_list":{"0":"post-37763","1":"product","2":"type-product","3":"status-publish","4":"has-post-thumbnail","6":"product_cat-numeros","7":"product_tag-animais","8":"pa_motivo-cabras","10":"first","11":"instock","12":"shipping-taxable","13":"product-type-simple"},"acf":[],"_links":{"self":[{"href":"https:\/\/olemosaic.orbitalia.org\/pt-pt\/wp-json\/wp\/v2\/product\/37763","targetHints":{"allow":["GET"]}}],"collection":[{"href":"https:\/\/olemosaic.orbitalia.org\/pt-pt\/wp-json\/wp\/v2\/product"}],"about":[{"href":"https:\/\/olemosaic.orbitalia.org\/pt-pt\/wp-json\/wp\/v2\/types\/product"}],"wp:featuredmedia":[{"embeddable":true,"href":"https:\/\/olemosaic.orbitalia.org\/pt-pt\/wp-json\/wp\/v2\/media\/8761"}],"wp:attachment":[{"href":"https:\/\/olemosaic.orbitalia.org\/pt-pt\/wp-json\/wp\/v2\/media?parent=37763"}],"wp:term":[{"taxonomy":"product_brand","embeddable":true,"href":"https:\/\/olemosaic.orbitalia.org\/pt-pt\/wp-json\/wp\/v2\/product_brand?post=37763"},{"taxonomy":"product_cat","embeddable":true,"href":"https:\/\/olemosaic.orbitalia.org\/pt-pt\/wp-json\/wp\/v2\/product_cat?post=37763"},{"taxonomy":"product_tag","embeddable":true,"href":"https:\/\/olemosaic.orbitalia.org\/pt-pt\/wp-json\/wp\/v2\/product_tag?post=37763"}],"curies":[{"name":"wp","href":"https:\/\/api.w.org\/{rel}","templated":true}]}}