{"id":37494,"date":"2025-02-20T23:38:05","date_gmt":"2025-02-20T22:38:05","guid":{"rendered":"https:\/\/olemosaic.orbitalia.org\/producto\/iman-de-resina-letrero-marbella-11-cm\/"},"modified":"2025-07-25T18:49:02","modified_gmt":"2025-07-25T16:49:02","slug":"iman-de-resina-letreiro-marbella-11-cm","status":"publish","type":"product","link":"https:\/\/olemosaic.orbitalia.org\/pt-pt\/produto\/iman-de-resina-letreiro-marbella-11-cm\/","title":{"rendered":"\u00cdman de resina. Letreiro. Marbella. 11 cm."},"content":{"rendered":"<p>Este \u00edman de resina com a palavra &#8220;MARBELLA&#8221; \u00e9 uma recorda\u00e7\u00e3o aut\u00eantica que captura a ess\u00eancia vibrante desta famosa cidade costeira andaluza. Com dimens\u00f5es de 11 cm, este colorido \u00edman apresenta um fundo branco adornado com um mosaico multicolor, que evoca as tradicionais cer\u00e2micas da regi\u00e3o e o esp\u00edrito alegre do litoral espanhol. As letras do letreiro foram desenhadas em tons vivos, desde o azul intenso at\u00e9 ao vermelho brilhante, criando uma est\u00e9tica fresca e exuberante que real\u00e7a o seu apelo visual. Al\u00e9m disso, o design inclui detalhes delicados que simulam um estilo de cer\u00e2mica t\u00edpico andaluz, o que acrescenta um toque art\u00edstico e aut\u00eantico ao \u00edman.<\/p>\n<p>Perfeito para decorar frigor\u00edficos, quadros ou qualquer superf\u00edcie met\u00e1lica, este \u00edman n\u00e3o s\u00f3 serve como um acess\u00f3rio pr\u00e1tico, mas tamb\u00e9m atua como uma recorda\u00e7\u00e3o constante das impressionantes praias, do ambiente vibrante e da rica cultura de Marbella. Na Ol\u00e9 Mosaic, dedicamo-nos \u00e0 distribui\u00e7\u00e3o de recorda\u00e7\u00f5es por grosso que celebram a diversidade do patrim\u00f3nio espanhol. Este \u00edman de Marbella \u00e9 uma excelente op\u00e7\u00e3o para com\u00e9rcios e lojas de presentes tur\u00edsticos que procuram oferecer produtos aut\u00eanticos e representativos da regi\u00e3o. Trata-se, sem d\u00favida, de uma recorda\u00e7\u00e3o ideal para os turistas que desejem levar um pedacinho da Costa del Sol.<\/p>\n","protected":false},"excerpt":{"rendered":"<p>\u00cdman com forma de letreiro que reza &#8220;MARBELLA&#8221; em cores vibrantes. Esta atraente recorda\u00e7\u00e3o destaca-se pelo seu design alegre e colorido, inspirado no famoso estilo de mosaicos que caracteriza a costa andaluza. Mede 11 cm e apresenta um fundo branco com detalhes cer\u00e2micos multicoloridos, evocando a ess\u00eancia da arte andaluza. \u00c9 o complemento perfeito para decorar frigor\u00edficos ou superf\u00edcies met\u00e1licas, recordando a beleza de Marbella.<\/p>\n","protected":false},"featured_media":14082,"template":"","meta":{"_acf_changed":false},"product_brand":[],"product_cat":[699],"product_tag":[],"class_list":{"0":"post-37494","1":"product","2":"type-product","3":"status-publish","4":"has-post-thumbnail","6":"product_cat-imanes","7":"pa_ciudad-marbella","8":"pa_motivo-letreiros-de-cidades","9":"pa_pais-espana","11":"first","12":"instock","13":"shipping-taxable","14":"product-type-simple"},"acf":[],"_links":{"self":[{"href":"https:\/\/olemosaic.orbitalia.org\/pt-pt\/wp-json\/wp\/v2\/product\/37494","targetHints":{"allow":["GET"]}}],"collection":[{"href":"https:\/\/olemosaic.orbitalia.org\/pt-pt\/wp-json\/wp\/v2\/product"}],"about":[{"href":"https:\/\/olemosaic.orbitalia.org\/pt-pt\/wp-json\/wp\/v2\/types\/product"}],"wp:featuredmedia":[{"embeddable":true,"href":"https:\/\/olemosaic.orbitalia.org\/pt-pt\/wp-json\/wp\/v2\/media\/14082"}],"wp:attachment":[{"href":"https:\/\/olemosaic.orbitalia.org\/pt-pt\/wp-json\/wp\/v2\/media?parent=37494"}],"wp:term":[{"taxonomy":"product_brand","embeddable":true,"href":"https:\/\/olemosaic.orbitalia.org\/pt-pt\/wp-json\/wp\/v2\/product_brand?post=37494"},{"taxonomy":"product_cat","embeddable":true,"href":"https:\/\/olemosaic.orbitalia.org\/pt-pt\/wp-json\/wp\/v2\/product_cat?post=37494"},{"taxonomy":"product_tag","embeddable":true,"href":"https:\/\/olemosaic.orbitalia.org\/pt-pt\/wp-json\/wp\/v2\/product_tag?post=37494"}],"curies":[{"name":"wp","href":"https:\/\/api.w.org\/{rel}","templated":true}]}}