{"id":37460,"date":"2025-02-20T23:37:58","date_gmt":"2025-02-20T22:37:58","guid":{"rendered":"https:\/\/olemosaic.orbitalia.org\/producto\/iman-de-resina-toro-sevilla-75-cm\/"},"modified":"2025-07-25T20:30:53","modified_gmt":"2025-07-25T18:30:53","slug":"iman-de-resina-touro-sevilha-7-5-cm","status":"publish","type":"product","link":"https:\/\/olemosaic.orbitalia.org\/pt-pt\/produto\/iman-de-resina-touro-sevilha-7-5-cm\/","title":{"rendered":"\u00cdman de resina. Touro. Sevilha. 7,5 cm."},"content":{"rendered":"<p>Este \u00edman de resina de 7,5 cm apresenta uma alegre representa\u00e7\u00e3o de dois touros, s\u00edmbolos ic\u00f3nicos da cultura espanhola e, em particular, da tradi\u00e7\u00e3o taurom\u00e1quica de Sevilha. O vibrante design, elaborado com um mosaico de v\u00e1rias cores, real\u00e7a a for\u00e7a e a beleza destes majestosos animais, capturando o esp\u00edrito festivo da cidade. Os touros est\u00e3o estilizados com um acabamento que mistura tons azuis, vermelhos, verdes e amarelos, criando um efeito visual din\u00e2mico e atrativo. Complementando a ilustra\u00e7\u00e3o, encontramos a palavra &#8220;Sevilha&#8221; em letras coloridas, o que refor\u00e7a o v\u00ednculo da lembran\u00e7a com esta emblem\u00e1tica cidade.<\/p>\n<p>Este \u00edman n\u00e3o s\u00f3 \u00e9 um acess\u00f3rio decorativo perfeito para adicionar um toque festivo a qualquer superf\u00edcie magn\u00e9tica, como tamb\u00e9m \u00e9 uma recorda\u00e7\u00e3o aut\u00eantica das tradi\u00e7\u00f5es culturais de Sevilha, como as corridas de touros e o folclore local. Cada vez que o vir, recordar-lhe-\u00e1 a energia e o colorido desta cidade t\u00e3o vibrante.<\/p>\n<p>Na Ol\u00e9 Mosaic, somos distribuidores de lembran\u00e7as por grosso e este \u00edman de touros representa uma op\u00e7\u00e3o ideal para lojas de presentes tur\u00edsticos que procuram artigos representativos. \u00c9 uma recorda\u00e7\u00e3o que combina autenticidade e arte, sendo o presente perfeito para aqueles que desejem levar um peda\u00e7o de Sevilha para o seu lar.<\/p>\n","protected":false},"excerpt":{"rendered":"<p>\u00cdman de 7,5 cm com uma alegre representa\u00e7\u00e3o de dois touros, s\u00edmbolo ic\u00f3nico da cultura espanhola, especialmente de Sevilha. Este \u00edman apresenta um design vibrante de mosaico com cores que real\u00e7am a for\u00e7a e a beleza dos touros, complementado com a palavra &#8220;Sevilha&#8221; em letras coloridas. Ideal para adicionar um toque festivo a qualquer espa\u00e7o, esta recorda\u00e7\u00e3o \u00e9 perfeita para comemorar a tradi\u00e7\u00e3o taurom\u00e1quica e o folclore sevilhano.<\/p>\n","protected":false},"featured_media":14048,"template":"","meta":{"_acf_changed":false},"product_brand":[],"product_cat":[699],"product_tag":[516],"class_list":{"0":"post-37460","1":"product","2":"type-product","3":"status-publish","4":"has-post-thumbnail","6":"product_cat-imanes","7":"product_tag-animais","8":"pa_ciudad-sevilla","9":"pa_motivo-touros","10":"pa_pais-espana","12":"first","13":"instock","14":"shipping-taxable","15":"product-type-simple"},"acf":[],"_links":{"self":[{"href":"https:\/\/olemosaic.orbitalia.org\/pt-pt\/wp-json\/wp\/v2\/product\/37460","targetHints":{"allow":["GET"]}}],"collection":[{"href":"https:\/\/olemosaic.orbitalia.org\/pt-pt\/wp-json\/wp\/v2\/product"}],"about":[{"href":"https:\/\/olemosaic.orbitalia.org\/pt-pt\/wp-json\/wp\/v2\/types\/product"}],"wp:featuredmedia":[{"embeddable":true,"href":"https:\/\/olemosaic.orbitalia.org\/pt-pt\/wp-json\/wp\/v2\/media\/14048"}],"wp:attachment":[{"href":"https:\/\/olemosaic.orbitalia.org\/pt-pt\/wp-json\/wp\/v2\/media?parent=37460"}],"wp:term":[{"taxonomy":"product_brand","embeddable":true,"href":"https:\/\/olemosaic.orbitalia.org\/pt-pt\/wp-json\/wp\/v2\/product_brand?post=37460"},{"taxonomy":"product_cat","embeddable":true,"href":"https:\/\/olemosaic.orbitalia.org\/pt-pt\/wp-json\/wp\/v2\/product_cat?post=37460"},{"taxonomy":"product_tag","embeddable":true,"href":"https:\/\/olemosaic.orbitalia.org\/pt-pt\/wp-json\/wp\/v2\/product_tag?post=37460"}],"curies":[{"name":"wp","href":"https:\/\/api.w.org\/{rel}","templated":true}]}}