{"id":37098,"date":"2025-02-20T22:36:51","date_gmt":"2025-02-20T22:36:51","guid":{"rendered":"https:\/\/olemosaic.orbitalia.org\/producto\/mug-xl-de-ceramica-patio-blanco-13-cm\/"},"modified":"2025-07-25T18:33:22","modified_gmt":"2025-07-25T16:33:22","slug":"caneca-xl-de-ceramica-patio-branco-13-cm","status":"publish","type":"product","link":"https:\/\/olemosaic.orbitalia.org\/pt-pt\/produto\/caneca-xl-de-ceramica-patio-branco-13-cm\/","title":{"rendered":"Caneca XL de cer\u00e2mica. P\u00e1tio. Branco. 13 cm."},"content":{"rendered":"<p>Apresentamos a nossa encantadora caneca XL de cer\u00e2mica, decorada com um vibrante p\u00e1tio andaluz, ideal para quem deseja levar um pedacinho da ess\u00eancia espanhola para casa. Com 13 cm de altura, esta caneca destaca-se pelo seu design atraente, que captura a beleza t\u00edpica dos p\u00e1tios do sul de Espanha, com ger\u00e2nios vermelhos em vasos azuis que real\u00e7am a paisagem colorida. O contorno da caneca \u00e9 adornado com uma porta de ferro forjado, evocando a arquitetura tradicional andaluza, enquanto o ambiente \u00e9 animado com plantas verdes que conferem frescura e vitalidade.<\/p>\n<p>A base branca da caneca real\u00e7a as cores alegres e torna-a um elemento pr\u00e1tico e atraente para qualquer cozinha. O seu acabamento brilhante n\u00e3o s\u00f3 adiciona um toque de modernidade, mas tamb\u00e9m facilita a sua limpeza e manuten\u00e7\u00e3o. Esta caneca XL n\u00e3o \u00e9 apenas perfeita para desfrutar das suas bebidas favoritas, mas \u00e9 tamb\u00e9m uma recorda\u00e7\u00e3o excecional que refor\u00e7a o v\u00ednculo cultural com a Andaluzia e o seu incr\u00edvel folclore.<\/p>\n<p>Na Ol\u00e9 Mosaic, especializamo-nos na distribui\u00e7\u00e3o de recorda\u00e7\u00f5es por grosso, e esta caneca \u00e9 uma excelente op\u00e7\u00e3o para lojas de presentes tur\u00edsticos que procuram oferecer artigos que representem a autenticidade de Espanha. Ideal para quem procura recorda\u00e7\u00f5es distintivas e atraentes, a nossa caneca andaluza \u00e9 uma celebra\u00e7\u00e3o do patrim\u00f3nio cultural espanhol e uma forma \u00fanica de reviver esses momentos especiais em cada gole.<\/p>\n","protected":false},"excerpt":{"rendered":"<p>Caneca XL de cer\u00e2mica decorada com um encantador p\u00e1tio andaluz, ideal para reviver a ess\u00eancia de Espanha em cada gole. Com uma altura de 13 cm, apresenta um design vibrante com ger\u00e2nios vermelhos em vasos azuis, uma porta de ferro forjado e um ambiente repleto de plantas verdes. A base branca real\u00e7a as cores alegres e complementa-se com um acabamento brilhante, tornando-a um elemento pr\u00e1tico e atraente, perfeito para qualquer cozinha ou para oferecer.<\/p>\n","protected":false},"featured_media":8910,"template":"","meta":{"_acf_changed":false},"product_brand":[],"product_cat":[726],"product_tag":[515],"class_list":{"0":"post-37098","1":"product","2":"type-product","3":"status-publish","4":"has-post-thumbnail","6":"product_cat-mugs","7":"product_tag-ceramica","8":"pa_motivo-patios","10":"first","11":"instock","12":"shipping-taxable","13":"product-type-simple"},"acf":[],"_links":{"self":[{"href":"https:\/\/olemosaic.orbitalia.org\/pt-pt\/wp-json\/wp\/v2\/product\/37098","targetHints":{"allow":["GET"]}}],"collection":[{"href":"https:\/\/olemosaic.orbitalia.org\/pt-pt\/wp-json\/wp\/v2\/product"}],"about":[{"href":"https:\/\/olemosaic.orbitalia.org\/pt-pt\/wp-json\/wp\/v2\/types\/product"}],"wp:featuredmedia":[{"embeddable":true,"href":"https:\/\/olemosaic.orbitalia.org\/pt-pt\/wp-json\/wp\/v2\/media\/8910"}],"wp:attachment":[{"href":"https:\/\/olemosaic.orbitalia.org\/pt-pt\/wp-json\/wp\/v2\/media?parent=37098"}],"wp:term":[{"taxonomy":"product_brand","embeddable":true,"href":"https:\/\/olemosaic.orbitalia.org\/pt-pt\/wp-json\/wp\/v2\/product_brand?post=37098"},{"taxonomy":"product_cat","embeddable":true,"href":"https:\/\/olemosaic.orbitalia.org\/pt-pt\/wp-json\/wp\/v2\/product_cat?post=37098"},{"taxonomy":"product_tag","embeddable":true,"href":"https:\/\/olemosaic.orbitalia.org\/pt-pt\/wp-json\/wp\/v2\/product_tag?post=37098"}],"curies":[{"name":"wp","href":"https:\/\/api.w.org\/{rel}","templated":true}]}}