{"id":36842,"date":"2025-02-20T23:36:17","date_gmt":"2025-02-20T22:36:17","guid":{"rendered":"https:\/\/olemosaic.orbitalia.org\/producto\/iman-de-metal-panoramica-malaga-negro-8-cm\/"},"modified":"2025-07-25T20:12:33","modified_gmt":"2025-07-25T18:12:33","slug":"iman-de-metal-panoramica-malaga-preto-8-cm","status":"publish","type":"product","link":"https:\/\/olemosaic.orbitalia.org\/pt-pt\/produto\/iman-de-metal-panoramica-malaga-preto-8-cm\/","title":{"rendered":"\u00cdman de metal. Panor\u00e2mica. M\u00e1laga. Preto. 8 cm."},"content":{"rendered":"<p>\u00cdman de metal panor\u00e2mico de M\u00e1laga<\/p>\n<p>Descubra a ess\u00eancia de M\u00e1laga com o nosso \u00edman de metal que apresenta uma vibrante panor\u00e2mica desta emblem\u00e1tica cidade andaluza. Com um tamanho de 8 cm, este \u00edman capta elementos ic\u00f3nicos como a imponente Pra\u00e7a de Touros e a majestosa Catedral, tudo num design colorido sobre um fundo preto que real\u00e7a a sua est\u00e9tica. A palavra &#8220;M\u00c1LAGA&#8221; destaca-se em letras multicoloridas, tornando este souvenir uma atraente recorda\u00e7\u00e3o que evoca instantaneamente a vivacidade e o folclore da regi\u00e3o.<\/p>\n<p>A ilustra\u00e7\u00e3o do \u00edman combina detalhes art\u00edsticos e geom\u00e9tricos, celebrando a riqueza cultural de M\u00e1laga, conhecida pela sua hist\u00f3ria, a sua arte e a sua luz. A representa\u00e7\u00e3o visual n\u00e3o s\u00f3 adornar\u00e1 qualquer superf\u00edcie met\u00e1lica, como tamb\u00e9m servir\u00e1 como uma constante recorda\u00e7\u00e3o dos recantos cativantes desta cidade.<\/p>\n<p>Este \u00edman de metal \u00e9 perfeito tanto para os turistas que procuram uma recorda\u00e7\u00e3o aut\u00eantica da sua visita como para as lojas de presentes tur\u00edsticos que desejam oferecer souvenirs de qualidade. Na Ol\u00e9 Mosaic, orgulhamo-nos de ser distribuidores de produtos culturais que destacam a autenticidade e o encanto dos destinos espanh\u00f3is. Aproveite esta oportunidade para enriquecer o seu cat\u00e1logo com este \u00edman, um verdadeiro tesouro de M\u00e1laga.<\/p>\n","protected":false},"excerpt":{"rendered":"<p>\u00cdman met\u00e1lico com uma vibrante panor\u00e2mica de M\u00e1laga, que inclui elementos ic\u00f3nicos como a Pra\u00e7a de Touros e a Catedral, tudo sobre um design colorido em fundo preto. Com 8 cm de tamanho, este \u00edman combina detalhes art\u00edsticos com ilustra\u00e7\u00f5es geom\u00e9tricas, real\u00e7ando a beleza da cidade. A palavra &#8220;M\u00c1LAGA&#8221; aparece em letras multicoloridas, tornando este souvenir uma recorda\u00e7\u00e3o atraente que capta a ess\u00eancia e o folclore andaluz.<\/p>\n","protected":false},"featured_media":9625,"template":"","meta":{"_acf_changed":false},"product_brand":[],"product_cat":[699],"product_tag":[],"class_list":{"0":"post-36842","1":"product","2":"type-product","3":"status-publish","4":"has-post-thumbnail","6":"product_cat-imanes","7":"pa_ciudad-malaga","8":"pa_motivo-panoramas","9":"pa_pais-espana","11":"first","12":"instock","13":"shipping-taxable","14":"product-type-simple"},"acf":[],"_links":{"self":[{"href":"https:\/\/olemosaic.orbitalia.org\/pt-pt\/wp-json\/wp\/v2\/product\/36842","targetHints":{"allow":["GET"]}}],"collection":[{"href":"https:\/\/olemosaic.orbitalia.org\/pt-pt\/wp-json\/wp\/v2\/product"}],"about":[{"href":"https:\/\/olemosaic.orbitalia.org\/pt-pt\/wp-json\/wp\/v2\/types\/product"}],"wp:featuredmedia":[{"embeddable":true,"href":"https:\/\/olemosaic.orbitalia.org\/pt-pt\/wp-json\/wp\/v2\/media\/9625"}],"wp:attachment":[{"href":"https:\/\/olemosaic.orbitalia.org\/pt-pt\/wp-json\/wp\/v2\/media?parent=36842"}],"wp:term":[{"taxonomy":"product_brand","embeddable":true,"href":"https:\/\/olemosaic.orbitalia.org\/pt-pt\/wp-json\/wp\/v2\/product_brand?post=36842"},{"taxonomy":"product_cat","embeddable":true,"href":"https:\/\/olemosaic.orbitalia.org\/pt-pt\/wp-json\/wp\/v2\/product_cat?post=36842"},{"taxonomy":"product_tag","embeddable":true,"href":"https:\/\/olemosaic.orbitalia.org\/pt-pt\/wp-json\/wp\/v2\/product_tag?post=36842"}],"curies":[{"name":"wp","href":"https:\/\/api.w.org\/{rel}","templated":true}]}}