{"id":36839,"date":"2025-02-20T22:36:16","date_gmt":"2025-02-20T22:36:16","guid":{"rendered":"https:\/\/olemosaic.orbitalia.org\/producto\/iman-de-metal-panoramica-bilbao-negro-8-cm\/"},"modified":"2025-07-25T20:41:24","modified_gmt":"2025-07-25T18:41:24","slug":"iman-de-metal-panoramica-bilbau-preto-8-cm","status":"publish","type":"product","link":"https:\/\/olemosaic.orbitalia.org\/pt-pt\/produto\/iman-de-metal-panoramica-bilbau-preto-8-cm\/","title":{"rendered":"\u00cdman de metal. Panor\u00e2mica. Bilbau. Preto. 8 cm."},"content":{"rendered":"<p>\u00cdman de metal panor\u00e2mico de Bilbau<\/p>\n<p>Este \u00edman de metal de 8 cm \u00e9 uma recorda\u00e7\u00e3o espetacular que capta a vibrante ess\u00eancia de Bilbau atrav\u00e9s do seu design colorido e art\u00edstico. Apresenta uma panor\u00e2mica dos edif\u00edcios emblem\u00e1ticos da cidade, incluindo uma interpreta\u00e7\u00e3o ic\u00f3nica do famoso Guggenheim, conhecido pela sua arquitetura inovadora. Com um fundo preto que real\u00e7a as tonalidades vivas dos edif\u00edcios, o \u00edman oferece um contraste impressionante que atrai o olhar e acrescenta um toque de modernidade a qualquer espa\u00e7o.<\/p>\n<p>As cores brilhantes utilizadas na ilustra\u00e7\u00e3o criam uma atmosfera alegre e contempor\u00e2nea, o que o torna um excelente souvenir que celebra a rica cultura e a modernidade de Bilbau. Este \u00edman n\u00e3o \u00e9 apenas um artigo decorativo ideal para a casa, mas tamb\u00e9m um presente perfeito para amigos e familiares, evocando mem\u00f3rias calorosas da vibrante vida urbana e art\u00edstica da cidade.<\/p>\n<p>Na Ol\u00e9 Mosaic, orgulhamo-nos de oferecer souvenirs aut\u00eanticos que refletem a diversidade cultural de Espanha. Este \u00edman de Bilbau \u00e9 uma op\u00e7\u00e3o de destaque para lojas de presentes tur\u00edsticos, sendo uma representa\u00e7\u00e3o fiel da heran\u00e7a arquitet\u00f3nica e do esp\u00edrito din\u00e2mico de Bilbau. Como grossistas de souvenirs, garantimos qualidade e autenticidade em cada pe\u00e7a, fazendo deste \u00edman uma recorda\u00e7\u00e3o valiosa e significativa.<\/p>\n","protected":false},"excerpt":{"rendered":"<p>\u00cdman de metal de 8 cm com uma vibrante panor\u00e2mica de Bilbau. Este \u00edman destaca-se pelo seu design colorido, que apresenta uma interpreta\u00e7\u00e3o art\u00edstica dos edif\u00edcios mais emblem\u00e1ticos da cidade, como o famoso Guggenheim. Com um fundo preto que real\u00e7a as cores vivas da ilustra\u00e7\u00e3o, \u00e9 a recorda\u00e7\u00e3o perfeita para captar a ess\u00eancia moderna e cultural de Bilbau. Ideal para decorar qualquer espa\u00e7o ou para oferecer.<\/p>\n","protected":false},"featured_media":9623,"template":"","meta":{"_acf_changed":false},"product_brand":[],"product_cat":[699],"product_tag":[],"class_list":{"0":"post-36839","1":"product","2":"type-product","3":"status-publish","4":"has-post-thumbnail","6":"product_cat-imanes","7":"pa_ciudad-bilbao","8":"pa_motivo-panoramas","9":"pa_pais-espana","11":"first","12":"instock","13":"shipping-taxable","14":"product-type-simple"},"acf":[],"_links":{"self":[{"href":"https:\/\/olemosaic.orbitalia.org\/pt-pt\/wp-json\/wp\/v2\/product\/36839","targetHints":{"allow":["GET"]}}],"collection":[{"href":"https:\/\/olemosaic.orbitalia.org\/pt-pt\/wp-json\/wp\/v2\/product"}],"about":[{"href":"https:\/\/olemosaic.orbitalia.org\/pt-pt\/wp-json\/wp\/v2\/types\/product"}],"wp:featuredmedia":[{"embeddable":true,"href":"https:\/\/olemosaic.orbitalia.org\/pt-pt\/wp-json\/wp\/v2\/media\/9623"}],"wp:attachment":[{"href":"https:\/\/olemosaic.orbitalia.org\/pt-pt\/wp-json\/wp\/v2\/media?parent=36839"}],"wp:term":[{"taxonomy":"product_brand","embeddable":true,"href":"https:\/\/olemosaic.orbitalia.org\/pt-pt\/wp-json\/wp\/v2\/product_brand?post=36839"},{"taxonomy":"product_cat","embeddable":true,"href":"https:\/\/olemosaic.orbitalia.org\/pt-pt\/wp-json\/wp\/v2\/product_cat?post=36839"},{"taxonomy":"product_tag","embeddable":true,"href":"https:\/\/olemosaic.orbitalia.org\/pt-pt\/wp-json\/wp\/v2\/product_tag?post=36839"}],"curies":[{"name":"wp","href":"https:\/\/api.w.org\/{rel}","templated":true}]}}