{"id":36774,"date":"2025-02-20T22:36:11","date_gmt":"2025-02-20T22:36:11","guid":{"rendered":"https:\/\/olemosaic.orbitalia.org\/producto\/iman-de-metal-toro-mallorca-negro-8-cm\/"},"modified":"2025-07-25T19:53:14","modified_gmt":"2025-07-25T17:53:14","slug":"iman-de-metal-touro-maiorca-preto-8-cm","status":"publish","type":"product","link":"https:\/\/olemosaic.orbitalia.org\/pt-pt\/produto\/iman-de-metal-touro-maiorca-preto-8-cm\/","title":{"rendered":"\u00cdman de metal. Touro. Maiorca. Preto. 8 cm."},"content":{"rendered":"<p>\u00cdman met\u00e1lico do touro de Maiorca, um produto emblem\u00e1tico que encapsula a ess\u00eancia cultural desta bela ilha bale\u00e1rica. Com um tamanho de 8 cm, este atraente \u00edman apresenta um design vibrante que destaca a figura do touro, um s\u00edmbolo ic\u00f3nico da tradi\u00e7\u00e3o e do esp\u00edrito maiorquino. A pe\u00e7a est\u00e1 adornada com cores intensas \u2014 vermelho, amarelo, verde e azul \u2014, dispostas num padr\u00e3o geom\u00e9trico que evoca a arte do mosaico, reconhecida pela sua beleza e pelos seus detalhes excecionais. A base preta, que contrasta com os tons vivos do design, permite que o \u00edman se destaque em qualquer superf\u00edcie, tornando-o um elemento decorativo apelativo e ideal para a casa.<\/p>\n<p>Na parte superior, o nome \u201cMALLORCA\u201d apresenta-se em letras claras, refor\u00e7ando a sua identidade como recorda\u00e7\u00e3o desta insigne regi\u00e3o. Este \u00edman n\u00e3o \u00e9 apenas uma excelente op\u00e7\u00e3o para quem deseja levar um pedacinho de Maiorca, mas tamb\u00e9m para as lojas de presentes tur\u00edsticos que procuram recorda\u00e7\u00f5es aut\u00eanticas e culturalmente significativas. Na Ol\u00e9 Mosaic, contamos com uma sele\u00e7\u00e3o de produtos \u00fanicos e representativos que celebram a diversidade cultural de Espanha, pelo que este \u00edman \u00e9 uma escolha perfeita para aqueles que apreciam o artesanato e a heran\u00e7a da ilha.<\/p>\n","protected":false},"excerpt":{"rendered":"<p>\u00cdman de metal de 8 cm, inspirado no ic\u00f3nico touro, s\u00edmbolo cultural de Maiorca. Este atraente \u00edman apresenta um design vibrante em vermelho, amarelo, verde e azul, com formas geom\u00e9tricas que evocam a arte do mosaico. A base preta real\u00e7a as cores intensas do touro, criando uma pe\u00e7a decorativa apelativa. Tem impresso o nome &#8220;MALLORCA&#8221; na parte superior, tornando-o uma recorda\u00e7\u00e3o ideal da ilha bale\u00e1rica.<\/p>\n","protected":false},"featured_media":9970,"template":"","meta":{"_acf_changed":false},"product_brand":[],"product_cat":[699],"product_tag":[516],"class_list":{"0":"post-36774","1":"product","2":"type-product","3":"status-publish","4":"has-post-thumbnail","6":"product_cat-imanes","7":"product_tag-animais","8":"pa_ciudad-mallorca","9":"pa_motivo-touros","10":"pa_pais-espana","12":"first","13":"instock","14":"shipping-taxable","15":"product-type-simple"},"acf":[],"_links":{"self":[{"href":"https:\/\/olemosaic.orbitalia.org\/pt-pt\/wp-json\/wp\/v2\/product\/36774","targetHints":{"allow":["GET"]}}],"collection":[{"href":"https:\/\/olemosaic.orbitalia.org\/pt-pt\/wp-json\/wp\/v2\/product"}],"about":[{"href":"https:\/\/olemosaic.orbitalia.org\/pt-pt\/wp-json\/wp\/v2\/types\/product"}],"wp:featuredmedia":[{"embeddable":true,"href":"https:\/\/olemosaic.orbitalia.org\/pt-pt\/wp-json\/wp\/v2\/media\/9970"}],"wp:attachment":[{"href":"https:\/\/olemosaic.orbitalia.org\/pt-pt\/wp-json\/wp\/v2\/media?parent=36774"}],"wp:term":[{"taxonomy":"product_brand","embeddable":true,"href":"https:\/\/olemosaic.orbitalia.org\/pt-pt\/wp-json\/wp\/v2\/product_brand?post=36774"},{"taxonomy":"product_cat","embeddable":true,"href":"https:\/\/olemosaic.orbitalia.org\/pt-pt\/wp-json\/wp\/v2\/product_cat?post=36774"},{"taxonomy":"product_tag","embeddable":true,"href":"https:\/\/olemosaic.orbitalia.org\/pt-pt\/wp-json\/wp\/v2\/product_tag?post=36774"}],"curies":[{"name":"wp","href":"https:\/\/api.w.org\/{rel}","templated":true}]}}