{"id":36729,"date":"2025-02-20T22:36:07","date_gmt":"2025-02-20T22:36:07","guid":{"rendered":"https:\/\/olemosaic.orbitalia.org\/producto\/iman-de-metal-sagrada-familia-barcelona-negro-11-cm\/"},"modified":"2025-07-25T18:40:59","modified_gmt":"2025-07-25T16:40:59","slug":"iman-de-metal-sagrada-familia-barcelona-preto-11-cm","status":"publish","type":"product","link":"https:\/\/olemosaic.orbitalia.org\/pt-pt\/produto\/iman-de-metal-sagrada-familia-barcelona-preto-11-cm\/","title":{"rendered":"\u00cdman de metal. Sagrada Fam\u00edlia. Barcelona. Preto. 11 cm."},"content":{"rendered":"<p>\u00cdman met\u00e1lico da emblem\u00e1tica Sagrada Fam\u00edlia de Barcelona, um s\u00edmbolo arquitet\u00f3nico de renome mundial. Este atraente \u00edman, de 11 cm, apresenta um design vibrante que simula um mosaico colorido, captando a ess\u00eancia da obra-prima de Antoni Gaud\u00ed. Os ic\u00f3nicos detalhes arquitet\u00f3nicos da Sagrada Fam\u00edlia refletem-se na sua superf\u00edcie, com as impressionantes torres da bas\u00edlica a erguerem-se majestosamente, real\u00e7adas por um fundo preto que intensifica a sua complexidade e beleza. Na parte superior, a palavra &#8220;Barcelona&#8221; destaca-se com letras chamativas e alegres, conferindo um toque festivo e memor\u00e1vel a este artigo.<\/p>\n<p>Este \u00edman n\u00e3o \u00e9 apenas uma pe\u00e7a decorativa, mas tamb\u00e9m uma valiosa recorda\u00e7\u00e3o de uma das cidades mais visitadas de Espanha. A Sagrada Fam\u00edlia, com o seu impressionante simbolismo religioso e cultural, liga quem a visita \u00e0 rica hist\u00f3ria arquitet\u00f3nica de Barcelona. Esta recorda\u00e7\u00e3o \u00e9 uma excelente op\u00e7\u00e3o para turistas que procuram levar um peda\u00e7o da identidade catal\u00e3 e do seu patrim\u00f3nio art\u00edstico. Na Ol\u00e9 Mosaic, como distribuidores de recorda\u00e7\u00f5es por grosso, oferecemos artigos aut\u00eanticos que celebram a cultura espanhola e s\u00e3o perfeitos para lojas de recorda\u00e7\u00f5es tur\u00edsticas que desejam oferecer lembran\u00e7as significativas aos seus clientes.<\/p>\n","protected":false},"excerpt":{"rendered":"<p>\u00cdman met\u00e1lico da emblem\u00e1tica Sagrada Fam\u00edlia, um s\u00edmbolo arquitet\u00f3nico de Barcelona. Com um design vibrante que simula um mosaico colorido, este \u00edman de 11 cm reproduz os ic\u00f3nicos detalhes arquitet\u00f3nicos da bas\u00edlica, real\u00e7ados por um fundo preto que real\u00e7a a complexidade das suas torres. A palavra &#8220;Barcelona&#8221; figura na parte superior, em letras chamativas, tornando este \u00edman uma recorda\u00e7\u00e3o perfeita e atraente da sua visita \u00e0 cidade.<\/p>\n","protected":false},"featured_media":8790,"template":"","meta":{"_acf_changed":false},"product_brand":[],"product_cat":[699],"product_tag":[],"class_list":{"0":"post-36729","1":"product","2":"type-product","3":"status-publish","4":"has-post-thumbnail","6":"product_cat-imanes","7":"pa_ciudad-barcelona","8":"pa_motivo-sagrada-familia","9":"pa_pais-espana","11":"first","12":"instock","13":"shipping-taxable","14":"product-type-simple"},"acf":[],"_links":{"self":[{"href":"https:\/\/olemosaic.orbitalia.org\/pt-pt\/wp-json\/wp\/v2\/product\/36729","targetHints":{"allow":["GET"]}}],"collection":[{"href":"https:\/\/olemosaic.orbitalia.org\/pt-pt\/wp-json\/wp\/v2\/product"}],"about":[{"href":"https:\/\/olemosaic.orbitalia.org\/pt-pt\/wp-json\/wp\/v2\/types\/product"}],"wp:featuredmedia":[{"embeddable":true,"href":"https:\/\/olemosaic.orbitalia.org\/pt-pt\/wp-json\/wp\/v2\/media\/8790"}],"wp:attachment":[{"href":"https:\/\/olemosaic.orbitalia.org\/pt-pt\/wp-json\/wp\/v2\/media?parent=36729"}],"wp:term":[{"taxonomy":"product_brand","embeddable":true,"href":"https:\/\/olemosaic.orbitalia.org\/pt-pt\/wp-json\/wp\/v2\/product_brand?post=36729"},{"taxonomy":"product_cat","embeddable":true,"href":"https:\/\/olemosaic.orbitalia.org\/pt-pt\/wp-json\/wp\/v2\/product_cat?post=36729"},{"taxonomy":"product_tag","embeddable":true,"href":"https:\/\/olemosaic.orbitalia.org\/pt-pt\/wp-json\/wp\/v2\/product_tag?post=36729"}],"curies":[{"name":"wp","href":"https:\/\/api.w.org\/{rel}","templated":true}]}}