{"id":36583,"date":"2025-02-20T23:35:58","date_gmt":"2025-02-20T22:35:58","guid":{"rendered":"https:\/\/olemosaic.orbitalia.org\/producto\/iman-de-madera-panoramica-barcelona-3\/"},"modified":"2025-07-25T20:21:19","modified_gmt":"2025-07-25T18:21:19","slug":"iman-de-madeira-panoramica-barcelona-3","status":"publish","type":"product","link":"https:\/\/olemosaic.orbitalia.org\/pt-pt\/produto\/iman-de-madeira-panoramica-barcelona-3\/","title":{"rendered":"\u00cdman de madeira. Panor\u00e2mica. Sagrada Fam\u00edlia. Barcelona."},"content":{"rendered":"<p>\u00cdman de madeira panor\u00e2mico de Barcelona<\/p>\n<p>Este \u00edman de madeira panor\u00e2mico de Barcelona \u00e9 uma recorda\u00e7\u00e3o vibrante que capta a ess\u00eancia arquitet\u00f3nica da fascinante cidade catal\u00e3. Com um design moderno e colorido, destaca a ic\u00f3nica Sagrada Fam\u00edlia, obra-prima de Antoni Gaud\u00ed, rodeada de outros edif\u00edcios emblem\u00e1ticos que refletem a riqueza cultural e art\u00edstica de Barcelona. Os tons amarelos, laranjas e azuis predominam na ilustra\u00e7\u00e3o, evocando a luz e o ambiente quente da cidade. Descreve um cen\u00e1rio que convida os turistas a recordar a sua visita a cada olhar. O texto impresso &#8220;Barcelona&#8221; complementa a imagem, tornando este \u00edman a recorda\u00e7\u00e3o perfeita para quem deseja levar um pedacinho da cidade para casa.<\/p>\n<p>A liga\u00e7\u00e3o cultural deste \u00edman com Barcelona \u00e9 ineg\u00e1vel; cada elemento retratado simboliza a singularidade da sua paisagem urbana. Este \u00edman n\u00e3o \u00e9 apenas um objeto decorativo, mas um s\u00edmbolo da identidade catal\u00e3. Na Ol\u00e9 Mosaic, como grossistas de recorda\u00e7\u00f5es de Barcelona, oferecemos produtos que refletem a autenticidade e o valor cultural da cidade. Este \u00edman de madeira \u00e9 uma excelente op\u00e7\u00e3o para lojas de presentes tur\u00edsticos que procuram oferecer aos seus clientes uma recorda\u00e7\u00e3o representativa e atraente desta vibrante metr\u00f3pole.<\/p>\n","protected":false},"excerpt":{"rendered":"<p>\u00cdman de madeira com uma vibrante panor\u00e2mica de Barcelona, onde se destaca a ic\u00f3nica Sagrada Fam\u00edlia e outros edif\u00edcios emblem\u00e1ticos da cidade. Este \u00edman, elaborado em madeira, apresenta um design colorido e moderno, com tons amarelos, laranjas e azuis que evocam a arquitetura \u00fanica de Barcelona. Com a palavra &#8220;Barcelona&#8221; impressa, \u00e9 uma recorda\u00e7\u00e3o perfeita que capta a ess\u00eancia desta vibrante metr\u00f3pole catal\u00e3.<\/p>\n","protected":false},"featured_media":9176,"template":"","meta":{"_acf_changed":false},"product_brand":[],"product_cat":[699],"product_tag":[],"class_list":{"0":"post-36583","1":"product","2":"type-product","3":"status-publish","4":"has-post-thumbnail","6":"product_cat-imanes","7":"pa_ciudad-barcelona","8":"pa_motivo-panoramas","9":"pa_pais-espana","11":"first","12":"instock","13":"shipping-taxable","14":"product-type-simple"},"acf":[],"_links":{"self":[{"href":"https:\/\/olemosaic.orbitalia.org\/pt-pt\/wp-json\/wp\/v2\/product\/36583","targetHints":{"allow":["GET"]}}],"collection":[{"href":"https:\/\/olemosaic.orbitalia.org\/pt-pt\/wp-json\/wp\/v2\/product"}],"about":[{"href":"https:\/\/olemosaic.orbitalia.org\/pt-pt\/wp-json\/wp\/v2\/types\/product"}],"wp:featuredmedia":[{"embeddable":true,"href":"https:\/\/olemosaic.orbitalia.org\/pt-pt\/wp-json\/wp\/v2\/media\/9176"}],"wp:attachment":[{"href":"https:\/\/olemosaic.orbitalia.org\/pt-pt\/wp-json\/wp\/v2\/media?parent=36583"}],"wp:term":[{"taxonomy":"product_brand","embeddable":true,"href":"https:\/\/olemosaic.orbitalia.org\/pt-pt\/wp-json\/wp\/v2\/product_brand?post=36583"},{"taxonomy":"product_cat","embeddable":true,"href":"https:\/\/olemosaic.orbitalia.org\/pt-pt\/wp-json\/wp\/v2\/product_cat?post=36583"},{"taxonomy":"product_tag","embeddable":true,"href":"https:\/\/olemosaic.orbitalia.org\/pt-pt\/wp-json\/wp\/v2\/product_tag?post=36583"}],"curies":[{"name":"wp","href":"https:\/\/api.w.org\/{rel}","templated":true}]}}