{"id":36189,"date":"2025-02-20T22:35:34","date_gmt":"2025-02-20T22:35:34","guid":{"rendered":"https:\/\/olemosaic.orbitalia.org\/producto\/funda-de-telefono-para-iphone-15-promax-tpu-panoramica-barcelona-blanco\/"},"modified":"2025-07-25T18:50:45","modified_gmt":"2025-07-25T16:50:45","slug":"capa-para-telemovel-para-iphone-15-pro-max-tpu-panoramica-barcelona-branco","status":"publish","type":"product","link":"https:\/\/olemosaic.orbitalia.org\/pt-pt\/produto\/capa-para-telemovel-para-iphone-15-pro-max-tpu-panoramica-barcelona-branco\/","title":{"rendered":"Capa para telem\u00f3vel para iPhone 15 Pro Max (TPU). Panor\u00e2mica. Barcelona. Branco"},"content":{"rendered":"<p>Capa para iPhone 15 Pro Max com uma vibrante panor\u00e2mica de Barcelona. Este design \u00fanico apresenta uma interpreta\u00e7\u00e3o colorida de alguns dos elementos mais ic\u00f3nicos da cidade, como a Sagrada Fam\u00edlia e a Casa Batll\u00f3, estilizados num chamativo mosaico que utiliza tons intensos de amarelo, azul e vermelho. O fundo branco n\u00e3o s\u00f3 real\u00e7a os detalhes art\u00edsticos, como tamb\u00e9m confere modernidade e frescura ao design, tornando esta capa num acess\u00f3rio imprescind\u00edvel para qualquer amante da arquitetura e da cultura catal\u00e3.<\/p>\n<p>Fabricada com material TPU de alta qualidade, esta capa n\u00e3o s\u00f3 garante uma prote\u00e7\u00e3o eficaz para o seu dispositivo, como tamb\u00e9m celebra a sua liga\u00e7\u00e3o com uma das cidades mais emblem\u00e1ticas da Europa. Barcelona, famosa pela sua arquitetura \u00fanica e pela sua rica heran\u00e7a cultural, ganha vida atrav\u00e9s desta recorda\u00e7\u00e3o inovadora, permitindo aos turistas levar consigo um peda\u00e7o da criatividade e singularidade que definem a cidade.<\/p>\n<p>Na Ol\u00e9 Mosaic, especializamo-nos na distribui\u00e7\u00e3o grossista de recorda\u00e7\u00f5es de alta qualidade, pelo que esta capa de telem\u00f3vel se apresenta como uma excelente op\u00e7\u00e3o para lojas de presentes tur\u00edsticos que procuram oferecer produtos aut\u00eanticos e representativos da cultura espanhola. Com o seu design atraente e relevante, esta capa n\u00e3o \u00e9 apenas um acess\u00f3rio funcional, mas tamb\u00e9m uma recorda\u00e7\u00e3o di\u00e1ria da rica hist\u00f3ria e da arte moderna que Barcelona tem para oferecer.<\/p>\n","protected":false},"excerpt":{"rendered":"<p>Capa para iPhone 15 Pro Max de TPU com um design que recria uma colorida panor\u00e2mica de Barcelona. Este design inclui elementos ic\u00f3nicos como a Sagrada Fam\u00edlia e a Casa Batll\u00f3, reinterpretados num estilo mosaico com vibrantes tons amarelos, azuis e vermelhos. Sobre um fundo branco que real\u00e7a os detalhes art\u00edsticos, esta capa n\u00e3o s\u00f3 protege o seu dispositivo, como tamb\u00e9m evoca a singularidade e a criatividade da arquitetura modernista da cidade.<\/p>\n","protected":false},"featured_media":12467,"template":"","meta":{"_acf_changed":false},"product_brand":[],"product_cat":[685],"product_tag":[],"class_list":{"0":"post-36189","1":"product","2":"type-product","3":"status-publish","4":"has-post-thumbnail","6":"product_cat-capas-para-telemoveis","7":"pa_ciudad-barcelona","8":"pa_motivo-panoramas","9":"pa_pais-espana","11":"first","12":"instock","13":"shipping-taxable","14":"product-type-simple"},"acf":[],"_links":{"self":[{"href":"https:\/\/olemosaic.orbitalia.org\/pt-pt\/wp-json\/wp\/v2\/product\/36189","targetHints":{"allow":["GET"]}}],"collection":[{"href":"https:\/\/olemosaic.orbitalia.org\/pt-pt\/wp-json\/wp\/v2\/product"}],"about":[{"href":"https:\/\/olemosaic.orbitalia.org\/pt-pt\/wp-json\/wp\/v2\/types\/product"}],"wp:featuredmedia":[{"embeddable":true,"href":"https:\/\/olemosaic.orbitalia.org\/pt-pt\/wp-json\/wp\/v2\/media\/12467"}],"wp:attachment":[{"href":"https:\/\/olemosaic.orbitalia.org\/pt-pt\/wp-json\/wp\/v2\/media?parent=36189"}],"wp:term":[{"taxonomy":"product_brand","embeddable":true,"href":"https:\/\/olemosaic.orbitalia.org\/pt-pt\/wp-json\/wp\/v2\/product_brand?post=36189"},{"taxonomy":"product_cat","embeddable":true,"href":"https:\/\/olemosaic.orbitalia.org\/pt-pt\/wp-json\/wp\/v2\/product_cat?post=36189"},{"taxonomy":"product_tag","embeddable":true,"href":"https:\/\/olemosaic.orbitalia.org\/pt-pt\/wp-json\/wp\/v2\/product_tag?post=36189"}],"curies":[{"name":"wp","href":"https:\/\/api.w.org\/{rel}","templated":true}]}}