{"id":36130,"date":"2025-02-20T23:35:30","date_gmt":"2025-02-20T22:35:30","guid":{"rendered":"https:\/\/olemosaic.orbitalia.org\/producto\/funda-de-telefono-para-iphone-15-pro-tpu-panoramica-barcelona-blanco\/"},"modified":"2025-07-25T18:34:38","modified_gmt":"2025-07-25T16:34:38","slug":"capa-para-telemovel-iphone-15-pro-tpu-panoramica-barcelona-branco","status":"publish","type":"product","link":"https:\/\/olemosaic.orbitalia.org\/pt-pt\/produto\/capa-para-telemovel-iphone-15-pro-tpu-panoramica-barcelona-branco\/","title":{"rendered":"Capa para telem\u00f3vel para iPhone 15 Pro (TPU). Panor\u00e2mica. Barcelona. Branco"},"content":{"rendered":"<p>Capa para iPhone 15 Pro com motivos de Barcelona<\/p>\n<p>A capa para iPhone 15 Pro \u00e9 uma obra de arte que capta a vibrante ess\u00eancia de Barcelona. Fabricada em TPU, esta capa oferece uma prote\u00e7\u00e3o excecional para o seu dispositivo, combinando durabilidade com um design est\u00e9tico. Destaca-se pela sua colorida panor\u00e2mica, que inclui elementos ic\u00f3nicos da cidade, como a majestosa Sagrada Fam\u00edlia e o m\u00e1gico Parque G\u00fcell, recriados em vibrantes tons de vermelho, amarelo e verde. A base branca da capa real\u00e7a os intrincados detalhes do mosaico, evocando la t\u00e9cnica do trencad\u00eds, marca do legado de Gaud\u00ed na capital catal\u00e3.<\/p>\n<p>O texto &#8220;Barcelona&#8221; tamb\u00e9m faz parte deste design muito especial, adicionando um toque pessoal e aut\u00eantico que liga os utilizadores \u00e0 rica cultura da cidade. Esta capa n\u00e3o s\u00f3 embeleza o seu dispositivo, como tamb\u00e9m o protege, tornando-se uma excelente recorda\u00e7\u00e3o para turistas que desejem levar consigo um peda\u00e7o de Barcelona. Na Ol\u00e9 Mosaic, oferecemos esta capa como parte da nossa sele\u00e7\u00e3o de lembran\u00e7as aut\u00eanticas, ideal para lojas de presentes tur\u00edsticos que procuram artigos \u00fanicos e de qualidade. Com a capa de telem\u00f3vel de Barcelona, os turistas n\u00e3o s\u00f3 adquirem um acess\u00f3rio funcional, como um s\u00edmbolo cultural que reflete a beleza e a criatividade desta emblem\u00e1tica cidade.<\/p>\n","protected":false},"excerpt":{"rendered":"<p>Capa para iPhone 15 Pro fabricada em TPU, com uma colorida panor\u00e2mica de Barcelona. Decorada com um design que inclui elementos emblem\u00e1ticos da cidade, como a Sagrada Fam\u00edlia e o Parque G\u00fcell, em vibrantes tons vermelhos, amarelos e verdes. A base branca real\u00e7a os intrincados detalhes do mosaico, e o texto &#8220;Barcelona&#8221; adiciona um toque distintivo. Ideal para proteger e embelezar o seu dispositivo com arte inspiradora.<\/p>\n","protected":false},"featured_media":12447,"template":"","meta":{"_acf_changed":false},"product_brand":[],"product_cat":[685],"product_tag":[],"class_list":{"0":"post-36130","1":"product","2":"type-product","3":"status-publish","4":"has-post-thumbnail","6":"product_cat-capas-para-telemoveis","7":"pa_ciudad-barcelona","8":"pa_motivo-panoramas","9":"pa_pais-espana","11":"first","12":"instock","13":"shipping-taxable","14":"product-type-simple"},"acf":[],"_links":{"self":[{"href":"https:\/\/olemosaic.orbitalia.org\/pt-pt\/wp-json\/wp\/v2\/product\/36130","targetHints":{"allow":["GET"]}}],"collection":[{"href":"https:\/\/olemosaic.orbitalia.org\/pt-pt\/wp-json\/wp\/v2\/product"}],"about":[{"href":"https:\/\/olemosaic.orbitalia.org\/pt-pt\/wp-json\/wp\/v2\/types\/product"}],"wp:featuredmedia":[{"embeddable":true,"href":"https:\/\/olemosaic.orbitalia.org\/pt-pt\/wp-json\/wp\/v2\/media\/12447"}],"wp:attachment":[{"href":"https:\/\/olemosaic.orbitalia.org\/pt-pt\/wp-json\/wp\/v2\/media?parent=36130"}],"wp:term":[{"taxonomy":"product_brand","embeddable":true,"href":"https:\/\/olemosaic.orbitalia.org\/pt-pt\/wp-json\/wp\/v2\/product_brand?post=36130"},{"taxonomy":"product_cat","embeddable":true,"href":"https:\/\/olemosaic.orbitalia.org\/pt-pt\/wp-json\/wp\/v2\/product_cat?post=36130"},{"taxonomy":"product_tag","embeddable":true,"href":"https:\/\/olemosaic.orbitalia.org\/pt-pt\/wp-json\/wp\/v2\/product_tag?post=36130"}],"curies":[{"name":"wp","href":"https:\/\/api.w.org\/{rel}","templated":true}]}}