{"id":35419,"date":"2025-02-20T23:34:56","date_gmt":"2025-02-20T22:34:56","guid":{"rendered":"https:\/\/olemosaic.orbitalia.org\/producto\/bailaora-figura-de-resina-de-17-cm-rojo-blanco-pintada-a-mano\/"},"modified":"2025-07-25T19:03:07","modified_gmt":"2025-07-25T17:03:07","slug":"bailarina-flamenco-figura-resina-17-cm-vermelho-branco-pintada-mao","status":"publish","type":"product","link":"https:\/\/olemosaic.orbitalia.org\/pt-pt\/produto\/bailarina-flamenco-figura-resina-17-cm-vermelho-branco-pintada-mao\/","title":{"rendered":"Bailarina de Flamenco. Figura de mosaico de 17 cm. Vermelho \/ branco."},"content":{"rendered":"<p>Figura de resina de bailarina de flamenco<\/p>\n<p>Esta encantadora figura de resina, de 17 cm de altura, presta homenagem \u00e0 vibrante cultura flamenca de Espanha. Representa uma bailarina vestida com um deslumbrante traje vermelho adornado com bolinhas brancas. Pintada \u00e0 m\u00e3o com esmero, a figura capta a intensa express\u00e3o da bailarina e a sua elegante postura em movimento, enquanto segura um leque que evoca a tradi\u00e7\u00e3o flamenca. O vestido, com folhos delicados e um acabamento brilhante, real\u00e7a a gra\u00e7a e o dinamismo da arte flamenca, tornando esta pe\u00e7a num s\u00edmbolo aut\u00eantico da paix\u00e3o andaluza.<\/p>\n<p>Os ricos detalhes no penteado, bem como a encantadora express\u00e3o do rosto, conferem um toque de autenticidade a esta figura, tornando-a numa recorda\u00e7\u00e3o de destaque representativa das artes e tradi\u00e7\u00f5es da Andaluzia. Este produto n\u00e3o \u00e9 apenas uma bela pe\u00e7a decorativa, mas tamb\u00e9m uma recorda\u00e7\u00e3o significativa para os turistas que procuram levar para casa um peda\u00e7o da cultura espanhola. Na Ol\u00e9 Mosaic, somos distribuidores de souvenirs de flamenco por grosso, e esta figura \u00e9 uma excelente op\u00e7\u00e3o para lojas de presentes tur\u00edsticos que desejem oferecer aos seus clientes produtos que celebrem a riqueza e o colorido do patrim\u00f3nio cultural espanhol. Com o seu apelo visual e a sua relev\u00e2ncia cultural, esta figura de bailarina de flamenco \u00e9 um item indispens\u00e1vel para qualquer amante da tradi\u00e7\u00e3o.<\/p>\n","protected":false},"excerpt":{"rendered":"<p>Figura de 17 cm de altura que representa uma bailarina com um vibrante traje vermelho de bolinhas brancas. Esta pe\u00e7a, de design artesanal e pintada \u00e0 m\u00e3o, capta a ess\u00eancia do flamenco espanhol, mostrando a bailarina em movimento com um leque na m\u00e3o. O seu vestido exibe folhos elegantes e a figura destaca-se pelos ricos detalhes no penteado e na express\u00e3o do rosto, evocando a paix\u00e3o da cultura andaluza.<\/p>\n","protected":false},"featured_media":6118,"template":"","meta":{"_acf_changed":false},"product_brand":[],"product_cat":[552],"product_tag":[],"class_list":{"0":"post-35419","1":"product","2":"type-product","3":"status-publish","4":"has-post-thumbnail","6":"product_cat-numeros","7":"pa_motivo-dancarinos","9":"first","10":"instock","11":"shipping-taxable","12":"product-type-simple"},"acf":[],"_links":{"self":[{"href":"https:\/\/olemosaic.orbitalia.org\/pt-pt\/wp-json\/wp\/v2\/product\/35419","targetHints":{"allow":["GET"]}}],"collection":[{"href":"https:\/\/olemosaic.orbitalia.org\/pt-pt\/wp-json\/wp\/v2\/product"}],"about":[{"href":"https:\/\/olemosaic.orbitalia.org\/pt-pt\/wp-json\/wp\/v2\/types\/product"}],"wp:featuredmedia":[{"embeddable":true,"href":"https:\/\/olemosaic.orbitalia.org\/pt-pt\/wp-json\/wp\/v2\/media\/6118"}],"wp:attachment":[{"href":"https:\/\/olemosaic.orbitalia.org\/pt-pt\/wp-json\/wp\/v2\/media?parent=35419"}],"wp:term":[{"taxonomy":"product_brand","embeddable":true,"href":"https:\/\/olemosaic.orbitalia.org\/pt-pt\/wp-json\/wp\/v2\/product_brand?post=35419"},{"taxonomy":"product_cat","embeddable":true,"href":"https:\/\/olemosaic.orbitalia.org\/pt-pt\/wp-json\/wp\/v2\/product_cat?post=35419"},{"taxonomy":"product_tag","embeddable":true,"href":"https:\/\/olemosaic.orbitalia.org\/pt-pt\/wp-json\/wp\/v2\/product_tag?post=35419"}],"curies":[{"name":"wp","href":"https:\/\/api.w.org\/{rel}","templated":true}]}}