{"id":33774,"date":"2025-02-20T23:33:40","date_gmt":"2025-02-20T22:33:40","guid":{"rendered":"https:\/\/olemosaic.orbitalia.org\/producto\/llavero-de-madera-letra-y-barcelona-2\/"},"modified":"2025-07-25T18:49:12","modified_gmt":"2025-07-25T16:49:12","slug":"porta-chaves-de-madeira-letra-y-barcelona-2","status":"publish","type":"product","link":"https:\/\/olemosaic.orbitalia.org\/pt-pt\/produto\/porta-chaves-de-madeira-letra-y-barcelona-2\/","title":{"rendered":"Porta-chaves de madeira. Letra Y. Sagrada Fam\u00edlia. Barcelona."},"content":{"rendered":"<p>Este porta-chaves de madeira com a forma da letra Y \u00e9 uma recorda\u00e7\u00e3o que presta homenagem \u00e0 emblem\u00e1tica cidade de Barcelona, uma pe\u00e7a perfeita para quem deseja levar consigo um pedacinho desta vibrante cidade. O seu design colorido destaca-se pelas ic\u00f3nicas torres da Sagrada Fam\u00edlia, obra-prima do arquiteto Antoni Gaud\u00ed e s\u00edmbolo indiscut\u00edvel do modernismo catal\u00e3o. Os tons vibrantes de vermelho, azul e verde, sobre um fundo branco com textura de mosaico, evocam a rica tradi\u00e7\u00e3o art\u00edstica de Barcelona, convertendo este porta-chaves numa representa\u00e7\u00e3o \u00fanica da cultura catal\u00e3.<\/p>\n<p>O porta-chaves, elaborado em madeira, n\u00e3o \u00e9 apenas pr\u00e1tico para levar as chaves, mas tamb\u00e9m resulta atraente \u00e0 vista, captando a ess\u00eancia da cidade e a sua impressionante arquitetura. Cada detalhe do design foi cuidadosamente considerado, conseguindo uma pe\u00e7a que combina funcionalidade com uma forte componente art\u00edstica. Esta recorda\u00e7\u00e3o \u00e9 ideal para os turistas que procuram lembran\u00e7as aut\u00eanticas e significativas da sua visita a Barcelona.<\/p>\n<p>Na Ol\u00e9 Mosaic distribu\u00edmos recorda\u00e7\u00f5es de qualidade por grosso, e este porta-chaves de madeira \u00e9 uma excelente op\u00e7\u00e3o para lojas de presentes tur\u00edsticos que desejem oferecer produtos que celebrem a heran\u00e7a cultural de Barcelona. Como grossistas de porta-chaves, garantimos a autenticidade e um design atraente que encantar\u00e1 todos os visitantes que procurem uma recorda\u00e7\u00e3o representativa.<\/p>\n","protected":false},"excerpt":{"rendered":"<p>Porta-chaves de madeira com a forma da letra Y, inspirado na emblem\u00e1tica cidade de Barcelona. Este design colorido apresenta as torres da Sagrada Fam\u00edlia e elementos ic\u00f3nicos do modernismo catal\u00e3o, real\u00e7ando detalhes vibrantes em vermelho, azul e verde sobre um fundo branco com textura de mosaico. Uma recorda\u00e7\u00e3o ideal que combina funcionalidade com um apelo visual, captando a ess\u00eancia da arquitetura e da arte de Barcelona.<\/p>\n","protected":false},"featured_media":10536,"template":"","meta":{"_acf_changed":false},"product_brand":[],"product_cat":[611],"product_tag":[612],"class_list":{"0":"post-33774","1":"product","2":"type-product","3":"status-publish","4":"has-post-thumbnail","6":"product_cat-porta-chaves","7":"product_tag-cartas","8":"pa_ciudad-barcelona","9":"pa_motivo-letra-y","10":"pa_pais-espana","12":"first","13":"instock","14":"shipping-taxable","15":"product-type-simple"},"acf":[],"_links":{"self":[{"href":"https:\/\/olemosaic.orbitalia.org\/pt-pt\/wp-json\/wp\/v2\/product\/33774","targetHints":{"allow":["GET"]}}],"collection":[{"href":"https:\/\/olemosaic.orbitalia.org\/pt-pt\/wp-json\/wp\/v2\/product"}],"about":[{"href":"https:\/\/olemosaic.orbitalia.org\/pt-pt\/wp-json\/wp\/v2\/types\/product"}],"wp:featuredmedia":[{"embeddable":true,"href":"https:\/\/olemosaic.orbitalia.org\/pt-pt\/wp-json\/wp\/v2\/media\/10536"}],"wp:attachment":[{"href":"https:\/\/olemosaic.orbitalia.org\/pt-pt\/wp-json\/wp\/v2\/media?parent=33774"}],"wp:term":[{"taxonomy":"product_brand","embeddable":true,"href":"https:\/\/olemosaic.orbitalia.org\/pt-pt\/wp-json\/wp\/v2\/product_brand?post=33774"},{"taxonomy":"product_cat","embeddable":true,"href":"https:\/\/olemosaic.orbitalia.org\/pt-pt\/wp-json\/wp\/v2\/product_cat?post=33774"},{"taxonomy":"product_tag","embeddable":true,"href":"https:\/\/olemosaic.orbitalia.org\/pt-pt\/wp-json\/wp\/v2\/product_tag?post=33774"}],"curies":[{"name":"wp","href":"https:\/\/api.w.org\/{rel}","templated":true}]}}