{"id":33367,"date":"2025-02-20T23:33:17","date_gmt":"2025-02-20T22:33:17","guid":{"rendered":"https:\/\/olemosaic.orbitalia.org\/producto\/llavero-de-madera-elefante-2\/"},"modified":"2025-07-25T19:31:33","modified_gmt":"2025-07-25T17:31:33","slug":"porta-chaves-de-madeira-elefante-2","status":"publish","type":"product","link":"https:\/\/olemosaic.orbitalia.org\/pt-pt\/produto\/porta-chaves-de-madeira-elefante-2\/","title":{"rendered":"Porta-chaves de madeira. Elefante. Estilo moderno."},"content":{"rendered":"<p>Este porta-chaves de madeira em forma de elefante \u00e9 uma recorda\u00e7\u00e3o encantadora que captura a ess\u00eancia vibrante da cultura espanhola. Com um design de mosaico pintado \u00e0 m\u00e3o, este artigo apresenta uma ampla gama de cores que fundem t\u00e9cnicas tradicionais com um estilo moderno. As formas geom\u00e9tricas cuidadosamente elaboradas n\u00e3o s\u00f3 adornam a figura do elefante, um s\u00edmbolo universal de for\u00e7a e sabedoria, mas tamb\u00e9m refletem uma personalidade alegre e \u00fanica, tornando-o uma recorda\u00e7\u00e3o verdadeiramente distintiva de Espanha.<\/p>\n<p>A sua confe\u00e7\u00e3o em madeira e os detalhes art\u00edsticos do mosaico criam uma pe\u00e7a leve e duradoura, ideal para levar no porta-chaves di\u00e1rio ou como adorno numa mochila. Este porta-chaves elefante n\u00e3o \u00e9 apenas um acess\u00f3rio funcional, mas tamb\u00e9m um exemplo da rica tradi\u00e7\u00e3o artesanal que caracteriza a regi\u00e3o. Como recorda\u00e7\u00e3o aut\u00eantica, \u00e9 perfeito para turistas que procuram uma representa\u00e7\u00e3o colorida e significativa da sua experi\u00eancia no pa\u00eds.<\/p>\n<p>Na Ol\u00e9 Mosaic, especializamo-nos na distribui\u00e7\u00e3o de recorda\u00e7\u00f5es por grosso, oferecendo produtos que s\u00e3o simultaneamente artesanais e representativos da cultura local. Este porta-chaves de elefante \u00e9 uma excelente op\u00e7\u00e3o para lojas de presentes tur\u00edsticos, destacando-se como uma pe\u00e7a atraente que combina a modernidade com o folclore espanhol.<\/p>\n","protected":false},"excerpt":{"rendered":"<p>Porta-chaves de madeira em forma de elefante, decorado com um vibrante design de mosaico que exibe uma ampla gama de cores. Este artigo funde a artesania tradicional com um estilo moderno, ideal para quem procura uma recorda\u00e7\u00e3o distintiva da sua viagem. O elefante, s\u00edmbolo de for\u00e7a e sabedoria, tem um design artesanal, pintado \u00e0 m\u00e3o, com intrincadas formas geom\u00e9tricas que real\u00e7am a sua personalidade alegre e \u00fanica, tornando-o um souvenir perfeito de Espanha.<\/p>\n","protected":false},"featured_media":10784,"template":"","meta":{"_acf_changed":false},"product_brand":[],"product_cat":[611],"product_tag":[516],"class_list":{"0":"post-33367","1":"product","2":"type-product","3":"status-publish","4":"has-post-thumbnail","6":"product_cat-porta-chaves","7":"product_tag-animais","8":"pa_motivo-elefantes","10":"first","11":"instock","12":"shipping-taxable","13":"product-type-simple"},"acf":[],"_links":{"self":[{"href":"https:\/\/olemosaic.orbitalia.org\/pt-pt\/wp-json\/wp\/v2\/product\/33367","targetHints":{"allow":["GET"]}}],"collection":[{"href":"https:\/\/olemosaic.orbitalia.org\/pt-pt\/wp-json\/wp\/v2\/product"}],"about":[{"href":"https:\/\/olemosaic.orbitalia.org\/pt-pt\/wp-json\/wp\/v2\/types\/product"}],"wp:featuredmedia":[{"embeddable":true,"href":"https:\/\/olemosaic.orbitalia.org\/pt-pt\/wp-json\/wp\/v2\/media\/10784"}],"wp:attachment":[{"href":"https:\/\/olemosaic.orbitalia.org\/pt-pt\/wp-json\/wp\/v2\/media?parent=33367"}],"wp:term":[{"taxonomy":"product_brand","embeddable":true,"href":"https:\/\/olemosaic.orbitalia.org\/pt-pt\/wp-json\/wp\/v2\/product_brand?post=33367"},{"taxonomy":"product_cat","embeddable":true,"href":"https:\/\/olemosaic.orbitalia.org\/pt-pt\/wp-json\/wp\/v2\/product_cat?post=33367"},{"taxonomy":"product_tag","embeddable":true,"href":"https:\/\/olemosaic.orbitalia.org\/pt-pt\/wp-json\/wp\/v2\/product_tag?post=33367"}],"curies":[{"name":"wp","href":"https:\/\/api.w.org\/{rel}","templated":true}]}}