{"id":32734,"date":"2025-02-20T22:32:47","date_gmt":"2025-02-20T22:32:47","guid":{"rendered":"https:\/\/olemosaic.orbitalia.org\/producto\/iman-de-metal-panoramica-marbella-negro-8-cm\/"},"modified":"2025-07-25T19:23:19","modified_gmt":"2025-07-25T17:23:19","slug":"iman-de-metal-panoramica-marbella-preto-8-cm","status":"publish","type":"product","link":"https:\/\/olemosaic.orbitalia.org\/pt-pt\/produto\/iman-de-metal-panoramica-marbella-preto-8-cm\/","title":{"rendered":"\u00cdman de metal. Panor\u00e2mica. Marbella. Preto. 8 cm."},"content":{"rendered":"<p>Este \u00edman met\u00e1lico apresenta uma vibrante panor\u00e2mica de Marbella, um destino emblem\u00e1tico da Costa del Sol andaluza caracterizado pela sua impressionante beleza e pela sua atmosfera tranquila. Com medidas de 8 cm, esta atraente recorda\u00e7\u00e3o captura a ess\u00eancia da vila andaluza com um design colorido que destaca os encantos da sua arquitetura t\u00edpica. Na ilustra\u00e7\u00e3o, aprecia-se uma pra\u00e7a pitoresca com uma fonte central, rodeada de edif\u00edcios caiados que evocam a arquitetura tradicional andaluza, adornados com vasos repletos de flores que acrescentam um toque alegre e fresco.<\/p>\n<p>O nome &#8220;Marbella&#8221; \u00e9 exibido proeminentemente em letras chamativas, emolduradas sobre um fundo preto que real\u00e7a as cores vivas do design, fazendo com que cada detalhe resulte cativante. Este \u00edman n\u00e3o \u00e9 apenas um elemento decorativo atraente para a casa, mas tamb\u00e9m serve como uma recorda\u00e7\u00e3o aut\u00eantica das experi\u00eancias vividas neste encantador destino tur\u00edstico. Na Ol\u00e9 Mosaic, como distribuidores de recorda\u00e7\u00f5es por grosso, oferecemos este \u00edman de Marbella, uma excelente adi\u00e7\u00e3o para lojas de presentes tur\u00edsticos, que reflete a cultura e a beleza da Andaluzia. As recorda\u00e7\u00f5es de Marbella, como este \u00edman, s\u00e3o perfeitas para turistas que procuram levar um peda\u00e7o da hist\u00f3ria e da tradi\u00e7\u00e3o andaluzas para casa.<\/p>\n","protected":false},"excerpt":{"rendered":"<p>\u00cdman met\u00e1lico com uma vibrante panor\u00e2mica de Marbella e um design colorido que captura a ess\u00eancia da vila andaluza. Mede 8 cm e est\u00e1 decorado com uma ilustra\u00e7\u00e3o que mostra uma pra\u00e7a com uma fonte, rodeada de edif\u00edcios brancos adornados com vasos de flores. O nome &#8220;Marbella&#8221; aparece em letras chamativas, emolduradas num fundo preto que real\u00e7a as cores vivas do design, evocando o encanto deste destino tur\u00edstico.<\/p>\n","protected":false},"featured_media":9883,"template":"","meta":{"_acf_changed":false},"product_brand":[],"product_cat":[699],"product_tag":[],"class_list":{"0":"post-32734","1":"product","2":"type-product","3":"status-publish","4":"has-post-thumbnail","6":"product_cat-imanes","7":"pa_ciudad-marbella","8":"pa_motivo-panoramas","9":"pa_pais-espana","11":"first","12":"instock","13":"shipping-taxable","14":"product-type-simple"},"acf":[],"_links":{"self":[{"href":"https:\/\/olemosaic.orbitalia.org\/pt-pt\/wp-json\/wp\/v2\/product\/32734","targetHints":{"allow":["GET"]}}],"collection":[{"href":"https:\/\/olemosaic.orbitalia.org\/pt-pt\/wp-json\/wp\/v2\/product"}],"about":[{"href":"https:\/\/olemosaic.orbitalia.org\/pt-pt\/wp-json\/wp\/v2\/types\/product"}],"wp:featuredmedia":[{"embeddable":true,"href":"https:\/\/olemosaic.orbitalia.org\/pt-pt\/wp-json\/wp\/v2\/media\/9883"}],"wp:attachment":[{"href":"https:\/\/olemosaic.orbitalia.org\/pt-pt\/wp-json\/wp\/v2\/media?parent=32734"}],"wp:term":[{"taxonomy":"product_brand","embeddable":true,"href":"https:\/\/olemosaic.orbitalia.org\/pt-pt\/wp-json\/wp\/v2\/product_brand?post=32734"},{"taxonomy":"product_cat","embeddable":true,"href":"https:\/\/olemosaic.orbitalia.org\/pt-pt\/wp-json\/wp\/v2\/product_cat?post=32734"},{"taxonomy":"product_tag","embeddable":true,"href":"https:\/\/olemosaic.orbitalia.org\/pt-pt\/wp-json\/wp\/v2\/product_tag?post=32734"}],"curies":[{"name":"wp","href":"https:\/\/api.w.org\/{rel}","templated":true}]}}