{"id":32614,"date":"2025-02-20T23:32:39","date_gmt":"2025-02-20T22:32:39","guid":{"rendered":"https:\/\/olemosaic.orbitalia.org\/producto\/iman-de-metal-sagrada-familia-barcelona-negro-8-cm-7\/"},"modified":"2025-07-25T19:30:24","modified_gmt":"2025-07-25T17:30:24","slug":"iman-de-metal-sagrada-familia-barcelona-preto-8-cm-7","status":"publish","type":"product","link":"https:\/\/olemosaic.orbitalia.org\/pt-pt\/produto\/iman-de-metal-sagrada-familia-barcelona-preto-8-cm-7\/","title":{"rendered":"\u00cdman de metal. Sagrada Fam\u00edlia. Vitral. Barcelona. Preto. 8 cm."},"content":{"rendered":"<p>Este \u00edman met\u00e1lico da emblem\u00e1tica Sagrada Fam\u00edlia de Barcelona \u00e9 uma recorda\u00e7\u00e3o vibrante e art\u00edstica que capta a ess\u00eancia da obra-prima de Antoni Gaud\u00ed. Com um tamanho de 8 cm, destaca-se pelo seu design colorido, inspirado na t\u00e9cnica dos vitrais, que evoca a magnific\u00eancia arquitet\u00f3nica da bas\u00edlica. O fundo preto real\u00e7a as cores vibrantes que representam as torres sineiras e os detalhes ornamentais da Sagrada Fam\u00edlia, criando um contraste visual impressionante que convida a admirar a sua beleza singular.<\/p>\n<p>O nome &#8220;Barcelona&#8221; aparece na parte superior, em letras audazes e modernas, o que torna este \u00edman um detalhe n\u00e3o s\u00f3 decorativo, mas tamb\u00e9m informativo, perfeito para recordar a cidade e a sua rica heran\u00e7a cultural. A Sagrada Fam\u00edlia, s\u00edmbolo indiscut\u00edvel de Barcelona, \u00e9 um testemunho do talento e da vis\u00e3o de Gaud\u00ed, e este souvenir representa fielmente a sua obra, tornando-o uma excelente op\u00e7\u00e3o para turistas em busca de recorda\u00e7\u00f5es significativas.<\/p>\n<p>Na Ol\u00e9 Mosaic, especializamo-nos na distribui\u00e7\u00e3o de souvenirs por grosso, e este \u00edman da Sagrada Fam\u00edlia \u00e9 uma adi\u00e7\u00e3o perfeita para as lojas de recorda\u00e7\u00f5es tur\u00edsticas que desejem oferecer produtos aut\u00eanticos que celebrem la cultura espanhola. \u00c9 um \u00edman ideal para real\u00e7ar qualquer frigor\u00edfico ou espa\u00e7o pessoal, recordando sempre a magia de Barcelona e a sua ic\u00f3nica arquitetura.<\/p>\n","protected":false},"excerpt":{"rendered":"<p>\u00cdman met\u00e1lico que representa a emblem\u00e1tica Sagrada Fam\u00edlia de Barcelona, com um design colorido inspirado na t\u00e9cnica do vitral. Este \u00edman de 8 cm destaca-se pelo seu fundo preto que real\u00e7a as cores vibrantes da obra de Gaud\u00ed, mostrando os caracter\u00edsticos pin\u00e1culos e detalhes arquitet\u00f3nicos. Com o nome \u00abBarcelona\u00bb impresso na parte superior, \u00e9 uma recorda\u00e7\u00e3o ideal que funde arte e cultura, perfeito para decorar o seu frigor\u00edfico ou qualquer espa\u00e7o pessoal.<\/p>\n","protected":false},"featured_media":11384,"template":"","meta":{"_acf_changed":false},"product_brand":[],"product_cat":[699],"product_tag":[],"class_list":{"0":"post-32614","1":"product","2":"type-product","3":"status-publish","4":"has-post-thumbnail","6":"product_cat-imanes","7":"pa_ciudad-barcelona","8":"pa_motivo-sagrada-familia","9":"pa_pais-espana","11":"first","12":"instock","13":"shipping-taxable","14":"product-type-simple"},"acf":[],"_links":{"self":[{"href":"https:\/\/olemosaic.orbitalia.org\/pt-pt\/wp-json\/wp\/v2\/product\/32614","targetHints":{"allow":["GET"]}}],"collection":[{"href":"https:\/\/olemosaic.orbitalia.org\/pt-pt\/wp-json\/wp\/v2\/product"}],"about":[{"href":"https:\/\/olemosaic.orbitalia.org\/pt-pt\/wp-json\/wp\/v2\/types\/product"}],"wp:featuredmedia":[{"embeddable":true,"href":"https:\/\/olemosaic.orbitalia.org\/pt-pt\/wp-json\/wp\/v2\/media\/11384"}],"wp:attachment":[{"href":"https:\/\/olemosaic.orbitalia.org\/pt-pt\/wp-json\/wp\/v2\/media?parent=32614"}],"wp:term":[{"taxonomy":"product_brand","embeddable":true,"href":"https:\/\/olemosaic.orbitalia.org\/pt-pt\/wp-json\/wp\/v2\/product_brand?post=32614"},{"taxonomy":"product_cat","embeddable":true,"href":"https:\/\/olemosaic.orbitalia.org\/pt-pt\/wp-json\/wp\/v2\/product_cat?post=32614"},{"taxonomy":"product_tag","embeddable":true,"href":"https:\/\/olemosaic.orbitalia.org\/pt-pt\/wp-json\/wp\/v2\/product_tag?post=32614"}],"curies":[{"name":"wp","href":"https:\/\/api.w.org\/{rel}","templated":true}]}}