{"id":32328,"date":"2025-02-20T22:32:26","date_gmt":"2025-02-20T22:32:26","guid":{"rendered":"https:\/\/olemosaic.orbitalia.org\/producto\/iman-de-metal-bailaora-sevilla-plata-8-cm\/"},"modified":"2025-07-25T20:31:44","modified_gmt":"2025-07-25T18:31:44","slug":"iman-de-metal-bailarina-sevilha-prata-8-cm","status":"publish","type":"product","link":"https:\/\/olemosaic.orbitalia.org\/pt-pt\/produto\/iman-de-metal-bailarina-sevilha-prata-8-cm\/","title":{"rendered":"\u00cdman de metal. Bailarina. Sevilha. Prata. 8 cm."},"content":{"rendered":"<p>Este \u00edman met\u00e1lico de 8 cm \u00e9 uma vibrante homenagem \u00e0 cultura flamenca, representando uma cativante bailarina que encarna a ess\u00eancia de Sevilha. Com um design art\u00edstico e moderno, este \u00edman destaca-se pela sua paleta de cores brilhantes, que real\u00e7a o traje tradicional da bailarina, adornado com um vestido cheio de pe\u00e7as contrastantes que evocam a alegria do flamenco. O fundo do \u00edman apresenta um belo motivo de mosaico, que recorda a arquitetura t\u00edpica andaluza e adiciona um ar de autenticidade \u00e0 pe\u00e7a. Al\u00e9m disso, a palavra &#8220;SEVILLA&#8221; est\u00e1 impressa em letras coloridas, o que o torna uma recorda\u00e7\u00e3o perfeita que celebra n\u00e3o s\u00f3 a cidade, mas tamb\u00e9m a rica tradi\u00e7\u00e3o cultural que a acompanha.<\/p>\n<p>Este \u00edman \u00e9 uma excelente op\u00e7\u00e3o para os turistas que procuram recorda\u00e7\u00f5es aut\u00eanticas e representativas da sua visita a Sevilha. Na Ol\u00e9 Mosaic, especializamo-nos na distribui\u00e7\u00e3o de recorda\u00e7\u00f5es de alta qualidade por grosso, oferecendo produtos que se destacam pelo seu design e pela sua liga\u00e7\u00e3o cultural. Esta pe\u00e7a n\u00e3o \u00e9 apenas funcional como \u00edman, mas \u00e9 um verdadeiro vest\u00edgio de uma experi\u00eancia cultural significativa, o que a torna um artigo irresist\u00edvel para qualquer loja de presentes tur\u00edsticos. Ao escolher este \u00edman flamenco, os comerciantes garantem que oferecem aos seus clientes uma recorda\u00e7\u00e3o aut\u00eantica de Sevilha, cheia de cor e tradi\u00e7\u00e3o.<\/p>\n","protected":false},"excerpt":{"rendered":"<p>\u00cdman de metal de 8 cm que representa uma bailarina flamenca, um \u00edcone de Sevilha. Este colorido \u00edman destaca-se pelo seu design art\u00edstico e moderno, com uma vibrante paleta de cores no traje da bailarina, que reflete a ess\u00eancia do flamenco. O fundo mostra um motivo de mosaico que evoca a arquitetura andaluza. Um detalhe adicional \u00e9 o texto &#8220;SEVILLA&#8221; impresso em letras coloridas, o que o torna uma recorda\u00e7\u00e3o ideal da cidade.<\/p>\n","protected":false},"featured_media":10553,"template":"","meta":{"_acf_changed":false},"product_brand":[],"product_cat":[699],"product_tag":[],"class_list":{"0":"post-32328","1":"product","2":"type-product","3":"status-publish","4":"has-post-thumbnail","6":"product_cat-imanes","7":"pa_ciudad-sevilla","8":"pa_motivo-dancarinos","9":"pa_pais-espana","11":"first","12":"instock","13":"shipping-taxable","14":"product-type-simple"},"acf":[],"_links":{"self":[{"href":"https:\/\/olemosaic.orbitalia.org\/pt-pt\/wp-json\/wp\/v2\/product\/32328","targetHints":{"allow":["GET"]}}],"collection":[{"href":"https:\/\/olemosaic.orbitalia.org\/pt-pt\/wp-json\/wp\/v2\/product"}],"about":[{"href":"https:\/\/olemosaic.orbitalia.org\/pt-pt\/wp-json\/wp\/v2\/types\/product"}],"wp:featuredmedia":[{"embeddable":true,"href":"https:\/\/olemosaic.orbitalia.org\/pt-pt\/wp-json\/wp\/v2\/media\/10553"}],"wp:attachment":[{"href":"https:\/\/olemosaic.orbitalia.org\/pt-pt\/wp-json\/wp\/v2\/media?parent=32328"}],"wp:term":[{"taxonomy":"product_brand","embeddable":true,"href":"https:\/\/olemosaic.orbitalia.org\/pt-pt\/wp-json\/wp\/v2\/product_brand?post=32328"},{"taxonomy":"product_cat","embeddable":true,"href":"https:\/\/olemosaic.orbitalia.org\/pt-pt\/wp-json\/wp\/v2\/product_cat?post=32328"},{"taxonomy":"product_tag","embeddable":true,"href":"https:\/\/olemosaic.orbitalia.org\/pt-pt\/wp-json\/wp\/v2\/product_tag?post=32328"}],"curies":[{"name":"wp","href":"https:\/\/api.w.org\/{rel}","templated":true}]}}