{"id":32256,"date":"2025-02-20T22:32:23","date_gmt":"2025-02-20T22:32:23","guid":{"rendered":"https:\/\/olemosaic.orbitalia.org\/producto\/iman-de-metal-tranvia-lisboa-8-cm\/"},"modified":"2025-07-25T18:37:48","modified_gmt":"2025-07-25T16:37:48","slug":"iman-de-metal-eletrico-lisboa-8-cm","status":"publish","type":"product","link":"https:\/\/olemosaic.orbitalia.org\/pt-pt\/produto\/iman-de-metal-eletrico-lisboa-8-cm\/","title":{"rendered":"\u00cdman de metal. El\u00e9trico. Lisboa. 8 cm."},"content":{"rendered":"<p>Este \u00edman met\u00e1lico de 8 cm \u00e9 uma recorda\u00e7\u00e3o encantadora de Lisboa que capta a ess\u00eancia do ic\u00f3nico el\u00e9trico amarelo, conhecido como &#8220;El\u00e9trico 28&#8221;. Este famoso meio de transporte, que serpenteia pelas pitorescas colinas da capital portuguesa, \u00e9 um s\u00edmbolo da vida quotidiana lisboeta e um elemento imprescind\u00edvel para qualquer visitante. O design do \u00edman destaca o requintado el\u00e9trico, com a sua cor amarela vibrante caracter\u00edstica e detalhes meticulosamente elaborados que refletem a sua forma cl\u00e1ssica e atraente. \u00c0 sua volta, um fundo decorativo inspirado nos tradicionais azulejos portugueses, em tons de azul e amarelo, enriquece a pe\u00e7a, evocando a arquitetura distintiva da cidade e a sua hist\u00f3rica liga\u00e7\u00e3o \u00e0 arte do azulejo.<\/p>\n<p>Este \u00edman n\u00e3o \u00e9 apenas um simples acess\u00f3rio para o frigor\u00edfico, mas uma homenagem \u00e0 rica cultura e patrim\u00f3nio de Lisboa. Ideal para turistas que procuram souvenirs aut\u00eanticos, este produto da Ol\u00e9 Mosaic \u00e9 perfeito para recordar momentos inesquec\u00edveis na capital portuguesa. Cada \u00edman \u00e9 uma excelente op\u00e7\u00e3o para lojas de presentes tur\u00edsticos, oferecendo uma representa\u00e7\u00e3o cultural genu\u00edna e atraente de Lisboa. Ao escolher este \u00edman como parte da sua cole\u00e7\u00e3o de recorda\u00e7\u00f5es de Lisboa, garante que leva um peda\u00e7o da vibrante hist\u00f3ria e cultura da cidade para sua casa.<\/p>\n","protected":false},"excerpt":{"rendered":"<p>\u00cdman met\u00e1lico de 8 cm que representa o emblem\u00e1tico el\u00e9trico amarelo de Lisboa, o famoso &#8220;El\u00e9trico 28&#8221;. Esta recorda\u00e7\u00e3o capta a ess\u00eancia da cidade com um fundo decorativo que inclui azulejos em tons de azul e amarelo. A imagem do el\u00e9trico, cuidadosamente desenhada, real\u00e7a as suas caracter\u00edsticas distintivas e o ambiente arquitet\u00f3nico que o acompanha, oferecendo uma vis\u00e3o da vibrante cultura lisboeta. Ideal para recordar momentos inesquec\u00edveis na capital portuguesa.<\/p>\n","protected":false},"featured_media":11206,"template":"","meta":{"_acf_changed":false},"product_brand":[],"product_cat":[699],"product_tag":[],"class_list":{"0":"post-32256","1":"product","2":"type-product","3":"status-publish","4":"has-post-thumbnail","6":"product_cat-imanes","7":"pa_ciudad-lisboa","8":"pa_motivo-eletricos","9":"pa_pais-portugal","11":"first","12":"instock","13":"shipping-taxable","14":"product-type-simple"},"acf":[],"_links":{"self":[{"href":"https:\/\/olemosaic.orbitalia.org\/pt-pt\/wp-json\/wp\/v2\/product\/32256","targetHints":{"allow":["GET"]}}],"collection":[{"href":"https:\/\/olemosaic.orbitalia.org\/pt-pt\/wp-json\/wp\/v2\/product"}],"about":[{"href":"https:\/\/olemosaic.orbitalia.org\/pt-pt\/wp-json\/wp\/v2\/types\/product"}],"wp:featuredmedia":[{"embeddable":true,"href":"https:\/\/olemosaic.orbitalia.org\/pt-pt\/wp-json\/wp\/v2\/media\/11206"}],"wp:attachment":[{"href":"https:\/\/olemosaic.orbitalia.org\/pt-pt\/wp-json\/wp\/v2\/media?parent=32256"}],"wp:term":[{"taxonomy":"product_brand","embeddable":true,"href":"https:\/\/olemosaic.orbitalia.org\/pt-pt\/wp-json\/wp\/v2\/product_brand?post=32256"},{"taxonomy":"product_cat","embeddable":true,"href":"https:\/\/olemosaic.orbitalia.org\/pt-pt\/wp-json\/wp\/v2\/product_cat?post=32256"},{"taxonomy":"product_tag","embeddable":true,"href":"https:\/\/olemosaic.orbitalia.org\/pt-pt\/wp-json\/wp\/v2\/product_tag?post=32256"}],"curies":[{"name":"wp","href":"https:\/\/api.w.org\/{rel}","templated":true}]}}