{"id":31828,"date":"2025-02-20T23:32:07","date_gmt":"2025-02-20T22:32:07","guid":{"rendered":"https:\/\/olemosaic.orbitalia.org\/producto\/iman-de-madera-panoramica-2\/"},"modified":"2025-07-25T20:40:28","modified_gmt":"2025-07-25T18:40:28","slug":"iman-de-madeira-panoramica-2","status":"publish","type":"product","link":"https:\/\/olemosaic.orbitalia.org\/pt-pt\/produto\/iman-de-madeira-panoramica-2\/","title":{"rendered":"\u00cdman de madeira. Panor\u00e2mica. Pra\u00e7a de Espanha. Barcelona."},"content":{"rendered":"<p>Este \u00edman de madeira oferece uma panor\u00e2mica vibrante de Espanha, captando a ess\u00eancia de alguns dos seus monumentos mais emblem\u00e1ticos. Elaborado em madeira de alta qualidade, este atraente \u00edman apresenta uma ilustra\u00e7\u00e3o que inclui a majestosa Sagrada Fam\u00edlia de Barcelona, a emblem\u00e1tica Pra\u00e7a de Espanha e o colorido Parque G\u00fcell, cada um representado com um n\u00edvel de detalhe art\u00edstico impressionante. As cores vivas, que v\u00e3o desde os laranjas e azuis brilhantes at\u00e9 aos tons terracota da arquitetura, conferem um apelo visual que evoca o calor e a alegria da cultura espanhola.<\/p>\n<p>A palavra &#8220;ESPANHA&#8221; aparece em letras multicoloridas, acrescentando um toque festivo e alegre ao design. Um sol resplandecente no fundo ilumina a cena, representando o clima ensolarado e acolhedor que caracteriza muitas regi\u00f5es do pa\u00eds. Este \u00edman n\u00e3o s\u00f3 serve como uma recorda\u00e7\u00e3o pr\u00e1tica, como tamb\u00e9m atua como uma pe\u00e7a decorativa que revive os momentos vividos nas cidades espanholas.<\/p>\n<p>Como recorda\u00e7\u00e3o, esta pe\u00e7a \u00e9 ideal para turistas que desejam levar para casa uma lembran\u00e7a aut\u00eantica e representativa de Espanha. Na Ol\u00e9 Mosaic, especializamo-nos na distribui\u00e7\u00e3o de recorda\u00e7\u00f5es por grosso, sendo este \u00edman uma excelente op\u00e7\u00e3o para lojas de presentes tur\u00edsticos que procuram oferecer produtos de qualidade e relev\u00e2ncia cultural. Este \u00edman de panor\u00e2mica de Espanha torna-se uma recorda\u00e7\u00e3o inesquec\u00edvel que capta a ess\u00eancia de um pa\u00eds rico em hist\u00f3ria e beleza.<\/p>\n","protected":false},"excerpt":{"rendered":"<p>\u00cdman de madeira com uma panor\u00e2mica vibrante de Espanha que capta alguns dos seus monumentos mais emblem\u00e1ticos. Este atraente \u00edman apresenta a Sagrada Fam\u00edlia, a Pra\u00e7a de Espanha e o Parque G\u00fcell, ilustrados com cores vivas e detalhes art\u00edsticos. A palavra &#8220;ESPANHA&#8221;, em letras multicoloridas, acrescenta um toque alegre, enquanto o fundo luminoso, com um sol resplandecente, real\u00e7a a ess\u00eancia da cultura espanhola. Ideal para recordar os seus momentos neste pa\u00eds fascinante.<\/p>\n","protected":false},"featured_media":9556,"template":"","meta":{"_acf_changed":false},"product_brand":[],"product_cat":[699],"product_tag":[],"class_list":{"0":"post-31828","1":"product","2":"type-product","3":"status-publish","4":"has-post-thumbnail","6":"product_cat-imanes","7":"pa_motivo-panoramas","9":"first","10":"instock","11":"shipping-taxable","12":"product-type-simple"},"acf":[],"_links":{"self":[{"href":"https:\/\/olemosaic.orbitalia.org\/pt-pt\/wp-json\/wp\/v2\/product\/31828","targetHints":{"allow":["GET"]}}],"collection":[{"href":"https:\/\/olemosaic.orbitalia.org\/pt-pt\/wp-json\/wp\/v2\/product"}],"about":[{"href":"https:\/\/olemosaic.orbitalia.org\/pt-pt\/wp-json\/wp\/v2\/types\/product"}],"wp:featuredmedia":[{"embeddable":true,"href":"https:\/\/olemosaic.orbitalia.org\/pt-pt\/wp-json\/wp\/v2\/media\/9556"}],"wp:attachment":[{"href":"https:\/\/olemosaic.orbitalia.org\/pt-pt\/wp-json\/wp\/v2\/media?parent=31828"}],"wp:term":[{"taxonomy":"product_brand","embeddable":true,"href":"https:\/\/olemosaic.orbitalia.org\/pt-pt\/wp-json\/wp\/v2\/product_brand?post=31828"},{"taxonomy":"product_cat","embeddable":true,"href":"https:\/\/olemosaic.orbitalia.org\/pt-pt\/wp-json\/wp\/v2\/product_cat?post=31828"},{"taxonomy":"product_tag","embeddable":true,"href":"https:\/\/olemosaic.orbitalia.org\/pt-pt\/wp-json\/wp\/v2\/product_tag?post=31828"}],"curies":[{"name":"wp","href":"https:\/\/api.w.org\/{rel}","templated":true}]}}