{"id":31490,"date":"2025-02-20T23:31:39","date_gmt":"2025-02-20T22:31:39","guid":{"rendered":"https:\/\/olemosaic.orbitalia.org\/producto\/dedal-de-ceramica-marbella-azul\/"},"modified":"2025-07-25T19:07:17","modified_gmt":"2025-07-25T17:07:17","slug":"dedal-de-ceramica-marbella-azul-pt-pt","status":"publish","type":"product","link":"https:\/\/olemosaic.orbitalia.org\/pt-pt\/produto\/dedal-de-ceramica-marbella-azul-pt-pt\/","title":{"rendered":"Dedal de cer\u00e2mica. Marbella. Azul."},"content":{"rendered":"<p>Este dedal de cer\u00e2mica de Marbella \u00e9 uma recorda\u00e7\u00e3o encantadora que capta a ess\u00eancia deste destino paradis\u00edaco da Costa del Sol. Com um design vibrante em tons de azul e detalhes multicoloridos, este dedal \u00e9 uma representa\u00e7\u00e3o art\u00edstica de um panorama t\u00edpico de Marbella. No centro, uma \u00e1rvore robusta acrescenta um toque natural, rodeada pelas emblem\u00e1ticas ruas da vila, pintadas com uma paleta de cores brilhantes que evocam o calor e a alegria da regi\u00e3o. Cada dedal \u00e9 pintado \u00e0 m\u00e3o, o que real\u00e7a a sua singularidade e autenticidade como recorda\u00e7\u00e3o de Marbella, tornando-o um objeto ideal para colecionadores e amantes da arte cer\u00e2mica.<\/p>\n<p>Este dedal n\u00e3o s\u00f3 \u00e9 um artigo funcional, como tamb\u00e9m um excelente presente que reflete a rica cultura andaluza e o estilo de vida mediterr\u00e2nico. Sendo uma recorda\u00e7\u00e3o t\u00edpica, serve como um ref\u00fagio de nostalgia para aqueles que exploraram as pitorescas ruas de Marbella e desejam levar consigo um peda\u00e7o da sua beleza. Na Ol\u00e9 Mosaic, especializamo-nos na distribui\u00e7\u00e3o de recorda\u00e7\u00f5es de alta qualidade, e este dedal de cer\u00e2mica \u00e9 uma op\u00e7\u00e3o acertada para lojas de presentes tur\u00edsticos que procuram oferecer produtos aut\u00eanticos e representativos. Como grossistas de artigos decorativos, garantimos a excel\u00eancia no design e no artesanato em cada pe\u00e7a.<\/p>\n","protected":false},"excerpt":{"rendered":"<p>Dedal de cer\u00e2mica de Marbella, com um design vibrante em tons de azul e detalhes multicoloridos. Este dedal apresenta uma panor\u00e2mica ilustrativa de uma encantadora paisagem de Marbella, onde se destaca uma \u00e1rvore no centro e as ruas coloridas da vila. Pintado com estilo artesanal, real\u00e7a o car\u00e1ter t\u00edpico da regi\u00e3o, o que o torna um presente perfeito para quem procura uma recorda\u00e7\u00e3o art\u00edstica da Costa del Sol. Ideal para colecionadores e amantes da arte cer\u00e2mica.<\/p>\n","protected":false},"featured_media":9921,"template":"","meta":{"_acf_changed":false},"product_brand":[],"product_cat":[599],"product_tag":[515],"class_list":{"0":"post-31490","1":"product","2":"type-product","3":"status-publish","4":"has-post-thumbnail","6":"product_cat-dedais","7":"product_tag-ceramica","8":"pa_ciudad-marbella","9":"pa_pais-espana","11":"first","12":"instock","13":"shipping-taxable","14":"product-type-simple"},"acf":[],"_links":{"self":[{"href":"https:\/\/olemosaic.orbitalia.org\/pt-pt\/wp-json\/wp\/v2\/product\/31490","targetHints":{"allow":["GET"]}}],"collection":[{"href":"https:\/\/olemosaic.orbitalia.org\/pt-pt\/wp-json\/wp\/v2\/product"}],"about":[{"href":"https:\/\/olemosaic.orbitalia.org\/pt-pt\/wp-json\/wp\/v2\/types\/product"}],"wp:featuredmedia":[{"embeddable":true,"href":"https:\/\/olemosaic.orbitalia.org\/pt-pt\/wp-json\/wp\/v2\/media\/9921"}],"wp:attachment":[{"href":"https:\/\/olemosaic.orbitalia.org\/pt-pt\/wp-json\/wp\/v2\/media?parent=31490"}],"wp:term":[{"taxonomy":"product_brand","embeddable":true,"href":"https:\/\/olemosaic.orbitalia.org\/pt-pt\/wp-json\/wp\/v2\/product_brand?post=31490"},{"taxonomy":"product_cat","embeddable":true,"href":"https:\/\/olemosaic.orbitalia.org\/pt-pt\/wp-json\/wp\/v2\/product_cat?post=31490"},{"taxonomy":"product_tag","embeddable":true,"href":"https:\/\/olemosaic.orbitalia.org\/pt-pt\/wp-json\/wp\/v2\/product_tag?post=31490"}],"curies":[{"name":"wp","href":"https:\/\/api.w.org\/{rel}","templated":true}]}}