{"id":28205,"date":"2025-02-20T23:29:31","date_gmt":"2025-02-20T22:29:31","guid":{"rendered":"https:\/\/olemosaic.orbitalia.org\/producto\/bol-de-ceramica-de-135-cm-panoramica-barcelona-beige\/"},"modified":"2025-07-25T20:29:39","modified_gmt":"2025-07-25T18:29:39","slug":"taca-de-ceramica-de-13-5-cm-panoramica-barcelona-bege","status":"publish","type":"product","link":"https:\/\/olemosaic.orbitalia.org\/pt-pt\/produto\/taca-de-ceramica-de-13-5-cm-panoramica-barcelona-bege\/","title":{"rendered":"Ta\u00e7a de cer\u00e2mica de 13,5 cm. Panor\u00e2mica. Barcelona. Bege"},"content":{"rendered":"<p>Esta ta\u00e7a de cer\u00e2mica de 13,5 cm \u00e9 uma magn\u00edfica recorda\u00e7\u00e3o que encapsula a ess\u00eancia de Barcelona num design vibrante e panor\u00e2mico, ideal tanto como souvenir como para uso di\u00e1rio. Pintada \u00e0 m\u00e3o com uma paleta de cores vivas sobre um fundo bege, esta atraente ta\u00e7a apresenta ilustra\u00e7\u00f5es dos monumentos mais emblem\u00e1ticos da cidade, como a ic\u00f3nica Sagrada Fam\u00edlia e o colorido Parque G\u00fcell. O rebordo vermelho acrescenta um toque distintivo, real\u00e7ando a beleza do design e destacando o artesanato local.<\/p>\n<p>A ta\u00e7a n\u00e3o s\u00f3 \u00e9 funcional e decorativa, como tamb\u00e9m evoca a rica heran\u00e7a cultural de Barcelona, tornando-a uma recorda\u00e7\u00e3o representativa que liga quem a possui ao calor da cidade. As ilustra\u00e7\u00f5es, repletas de detalhes, refletem a obra-prima arquitet\u00f3nica de Antoni Gaud\u00ed e o esp\u00edrito vibrante da vida barcelonesa.<\/p>\n<p>Na Ol\u00e9 Mosaic, oferecemos esta aut\u00eantica ta\u00e7a de cer\u00e2mica como parte da nossa cole\u00e7\u00e3o de souvenirs de Barcelona, garantindo qualidade e autenticidade em cada pe\u00e7a. \u00c9 uma excelente op\u00e7\u00e3o para lojas de recorda\u00e7\u00f5es tur\u00edsticas que procuram incorporar produtos \u00fanicos e culturais na sua oferta, representando assim o estilo e a tradi\u00e7\u00e3o desta maravilhosa cidade.<\/p>\n","protected":false},"excerpt":{"rendered":"<p>Ta\u00e7a de cer\u00e2mica de 13,5 cm com um design panor\u00e2mico que capta a ess\u00eancia de Barcelona. Esta preciosa ta\u00e7a apresenta cores vibrantes sobre um fundo bege, adornada com ilustra\u00e7\u00f5es de monumentos emblem\u00e1ticos como a Sagrada Fam\u00edlia e o Park G\u00fcell. Pintada com estilo artesanal, destaca-se pelo seu rebordo vermelho e pelos elementos decorativos que refletem a cultura local, oferecendo um toque art\u00edstico e funcional para qualquer casa. Perfeita como recorda\u00e7\u00e3o ou para uso di\u00e1rio.<\/p>\n","protected":false},"featured_media":7766,"template":"","meta":{"_acf_changed":false},"product_brand":[],"product_cat":[513],"product_tag":[515],"class_list":{"0":"post-28205","1":"product","2":"type-product","3":"status-publish","4":"has-post-thumbnail","6":"product_cat-bols","7":"product_tag-ceramica","8":"pa_ciudad-barcelona","9":"pa_motivo-panoramas","10":"pa_pais-espana","12":"first","13":"instock","14":"shipping-taxable","15":"product-type-simple"},"acf":[],"_links":{"self":[{"href":"https:\/\/olemosaic.orbitalia.org\/pt-pt\/wp-json\/wp\/v2\/product\/28205","targetHints":{"allow":["GET"]}}],"collection":[{"href":"https:\/\/olemosaic.orbitalia.org\/pt-pt\/wp-json\/wp\/v2\/product"}],"about":[{"href":"https:\/\/olemosaic.orbitalia.org\/pt-pt\/wp-json\/wp\/v2\/types\/product"}],"wp:featuredmedia":[{"embeddable":true,"href":"https:\/\/olemosaic.orbitalia.org\/pt-pt\/wp-json\/wp\/v2\/media\/7766"}],"wp:attachment":[{"href":"https:\/\/olemosaic.orbitalia.org\/pt-pt\/wp-json\/wp\/v2\/media?parent=28205"}],"wp:term":[{"taxonomy":"product_brand","embeddable":true,"href":"https:\/\/olemosaic.orbitalia.org\/pt-pt\/wp-json\/wp\/v2\/product_brand?post=28205"},{"taxonomy":"product_cat","embeddable":true,"href":"https:\/\/olemosaic.orbitalia.org\/pt-pt\/wp-json\/wp\/v2\/product_cat?post=28205"},{"taxonomy":"product_tag","embeddable":true,"href":"https:\/\/olemosaic.orbitalia.org\/pt-pt\/wp-json\/wp\/v2\/product_tag?post=28205"}],"curies":[{"name":"wp","href":"https:\/\/api.w.org\/{rel}","templated":true}]}}