{"id":28034,"date":"2025-02-20T22:29:24","date_gmt":"2025-02-20T22:29:24","guid":{"rendered":"https:\/\/olemosaic.orbitalia.org\/producto\/aceitera-de-ceramica-valencia-calca-blanco\/"},"modified":"2025-07-25T18:38:05","modified_gmt":"2025-07-25T16:38:05","slug":"azeiteira-de-ceramica-valencia-decalque-branco","status":"publish","type":"product","link":"https:\/\/olemosaic.orbitalia.org\/pt-pt\/produto\/azeiteira-de-ceramica-valencia-decalque-branco\/","title":{"rendered":"Azeiteira de cer\u00e2mica. Val\u00eancia. Decalque. Branco"},"content":{"rendered":"<p>Esta azeiteira de cer\u00e2mica de design moderno \u00e9 uma pe\u00e7a \u00fanica, inspirada na impressionante beleza arquitet\u00f3nica de Val\u00eancia. Com um elegante acabamento branco, apresenta um decalque colorido que ilustra panor\u00e2micas ic\u00f3nicas da cidade, como a majestosa Catedral e a vanguardista Cidade das Artes e das Ci\u00eancias. O seu design funcional inclui um pr\u00e1tico bico vertedor, que facilita o uso di\u00e1rio sem renunciar ao estilo. Os detalhes subtis em preto e vermelho adicionam um toque contempor\u00e2neo que complementa a sua est\u00e9tica art\u00edstica.<\/p>\n<p>Esta recorda\u00e7\u00e3o n\u00e3o \u00e9 apenas um objeto decorativo, mas tamb\u00e9m uma homenagem \u00e0 rica heran\u00e7a cultural de Val\u00eancia, tornando-a uma recorda\u00e7\u00e3o representativa desta vibrante cidade mediterr\u00e2nica. A mistura de tradi\u00e7\u00e3o e modernidade no seu design reflete a dualidade de Val\u00eancia, famosa tanto pela sua hist\u00f3ria como pela sua inova\u00e7\u00e3o arquitet\u00f3nica. Esta azeiteira \u00e9 uma excelente op\u00e7\u00e3o para turistas que procuram recorda\u00e7\u00f5es aut\u00eanticas e \u00fateis, bem como para lojas de presentes que desejam oferecer produtos distintivos e relevantes.<\/p>\n<p>Na Ol\u00e9 Mosaic dedicamo-nos \u00e0 distribui\u00e7\u00e3o de recorda\u00e7\u00f5es por grosso, garantindo que cada pe\u00e7a, como esta azeiteira de cer\u00e2mica, represente a qualidade e autenticidade que os turistas procuram. Adicionar esta azeiteira de cer\u00e2mica ao seu cat\u00e1logo significa oferecer um produto que n\u00e3o s\u00f3 \u00e9 pr\u00e1tico, mas tamb\u00e9m um s\u00edmbolo da riqueza cultural de Val\u00eancia.<\/p>\n","protected":false},"excerpt":{"rendered":"<p>Azeiteira de cer\u00e2mica de design moderno, inspirada na beleza arquitet\u00f3nica de Val\u00eancia. Esta pe\u00e7a, com acabamento branco, exibe um decalque colorido que evoca panor\u00e2micas ic\u00f3nicas da cidade, como a Catedral e a Cidade das Artes e das Ci\u00eancias. Vem equipada com um pr\u00e1tico bico vertedor e detalhes subtis em preto e vermelho, que complementam o seu estilo contempor\u00e2neo. Ideal para adicionar um toque art\u00edstico e funcional \u00e0 sua cozinha.<\/p>\n","protected":false},"featured_media":9897,"template":"","meta":{"_acf_changed":false},"product_brand":[],"product_cat":[783],"product_tag":[515],"class_list":{"0":"post-28034","1":"product","2":"type-product","3":"status-publish","4":"has-post-thumbnail","6":"product_cat-galheteiros","7":"product_tag-ceramica","8":"pa_ciudad-valencia","9":"pa_pais-espana","11":"first","12":"instock","13":"shipping-taxable","14":"product-type-simple"},"acf":[],"_links":{"self":[{"href":"https:\/\/olemosaic.orbitalia.org\/pt-pt\/wp-json\/wp\/v2\/product\/28034","targetHints":{"allow":["GET"]}}],"collection":[{"href":"https:\/\/olemosaic.orbitalia.org\/pt-pt\/wp-json\/wp\/v2\/product"}],"about":[{"href":"https:\/\/olemosaic.orbitalia.org\/pt-pt\/wp-json\/wp\/v2\/types\/product"}],"wp:featuredmedia":[{"embeddable":true,"href":"https:\/\/olemosaic.orbitalia.org\/pt-pt\/wp-json\/wp\/v2\/media\/9897"}],"wp:attachment":[{"href":"https:\/\/olemosaic.orbitalia.org\/pt-pt\/wp-json\/wp\/v2\/media?parent=28034"}],"wp:term":[{"taxonomy":"product_brand","embeddable":true,"href":"https:\/\/olemosaic.orbitalia.org\/pt-pt\/wp-json\/wp\/v2\/product_brand?post=28034"},{"taxonomy":"product_cat","embeddable":true,"href":"https:\/\/olemosaic.orbitalia.org\/pt-pt\/wp-json\/wp\/v2\/product_cat?post=28034"},{"taxonomy":"product_tag","embeddable":true,"href":"https:\/\/olemosaic.orbitalia.org\/pt-pt\/wp-json\/wp\/v2\/product_tag?post=28034"}],"curies":[{"name":"wp","href":"https:\/\/api.w.org\/{rel}","templated":true}]}}