{"id":27381,"date":"2025-02-20T22:28:55","date_gmt":"2025-02-20T22:28:55","guid":{"rendered":"https:\/\/olemosaic.orbitalia.org\/producto\/funda-de-telefono-para-iphone-13-pro-tpu-salamandra-mallorca-blanco\/"},"modified":"2025-07-25T19:22:55","modified_gmt":"2025-07-25T17:22:55","slug":"capa-de-telemovel-para-iphone-13-pro-tpu-salamandra-maiorca-branco","status":"publish","type":"product","link":"https:\/\/olemosaic.orbitalia.org\/pt-pt\/produto\/capa-de-telemovel-para-iphone-13-pro-tpu-salamandra-maiorca-branco\/","title":{"rendered":"Capa de telem\u00f3vel para iPhone 13 Pro (TPU). Salamandra. Maiorca. Branco"},"content":{"rendered":"<p>Esta capa para iPhone 13 Pro \u00e9 uma aut\u00eantica obra de arte que encapsula o esp\u00edrito vibrante de Maiorca. Fabricada com TPU de alta qualidade, n\u00e3o s\u00f3 protege o seu dispositivo, como tamb\u00e9m o faz com estilo gra\u00e7as ao seu design apelativo. Apresenta uma cativante ilustra\u00e7\u00e3o de salamandras em cores vivas, entrela\u00e7adas com flores delicadas, sobre um fundo branco que emula um mosaico t\u00edpico da regi\u00e3o. Os tons verdes, vermelhos e azuis das salamandras conferem um toque ex\u00f3tico, enquanto o design de mosaico evoca a rica tradi\u00e7\u00e3o art\u00edstica de Maiorca.<\/p>\n<p>A palavra &#8220;Mallorca&#8221; destaca-se num estilo tipogr\u00e1fico alegre que complementa o dinamismo do design e acrescenta um ar moderno e juvenil ao acess\u00f3rio. Esta capa \u00e9 ideal para quem procura proteger o seu telem\u00f3vel e levar consigo uma recorda\u00e7\u00e3o aut\u00eantica das maravilhas mediterr\u00e2nicas. \u00c9 uma excelente op\u00e7\u00e3o para turistas que desejam levar um pedacinho de Maiorca para casa, tornando-a um souvenir \u00fanico e representativo. Na Ol\u00e9 Mosaic, distribu\u00edmos produtos aut\u00eanticos e de qualidade por grosso, e esta capa de salamandras \u00e9 uma op\u00e7\u00e3o perfeita para lojas de recorda\u00e7\u00f5es tur\u00edsticas que desejem oferecer artigos distintivos que reflitam a cultura e a beleza deste destino excecional.<\/p>\n","protected":false},"excerpt":{"rendered":"<p>Capa para iPhone 13 Pro de TPU, decorada com um design vibrante de salamandras e flores, que evoca o esp\u00edrito de Maiorca. Este acess\u00f3rio destaca-se pelo seu fundo branco com um padr\u00e3o de mosaico em cores apelativas: verdes, vermelhos e azuis. A palavra &#8220;Mallorca&#8221; apresenta-se num estilo colorido e alegre, conferindo um toque distintivo e moderno. Ideal para quem procura proteger o seu dispositivo com um toque art\u00edstico e mediterr\u00e2nico.<\/p>\n","protected":false},"featured_media":12932,"template":"","meta":{"_acf_changed":false},"product_brand":[],"product_cat":[685],"product_tag":[516],"class_list":{"0":"post-27381","1":"product","2":"type-product","3":"status-publish","4":"has-post-thumbnail","6":"product_cat-capas-para-telemoveis","7":"product_tag-animais","8":"pa_ciudad-mallorca","9":"pa_motivo-salamandras","10":"pa_pais-espana","12":"first","13":"instock","14":"shipping-taxable","15":"product-type-simple"},"acf":[],"_links":{"self":[{"href":"https:\/\/olemosaic.orbitalia.org\/pt-pt\/wp-json\/wp\/v2\/product\/27381","targetHints":{"allow":["GET"]}}],"collection":[{"href":"https:\/\/olemosaic.orbitalia.org\/pt-pt\/wp-json\/wp\/v2\/product"}],"about":[{"href":"https:\/\/olemosaic.orbitalia.org\/pt-pt\/wp-json\/wp\/v2\/types\/product"}],"wp:featuredmedia":[{"embeddable":true,"href":"https:\/\/olemosaic.orbitalia.org\/pt-pt\/wp-json\/wp\/v2\/media\/12932"}],"wp:attachment":[{"href":"https:\/\/olemosaic.orbitalia.org\/pt-pt\/wp-json\/wp\/v2\/media?parent=27381"}],"wp:term":[{"taxonomy":"product_brand","embeddable":true,"href":"https:\/\/olemosaic.orbitalia.org\/pt-pt\/wp-json\/wp\/v2\/product_brand?post=27381"},{"taxonomy":"product_cat","embeddable":true,"href":"https:\/\/olemosaic.orbitalia.org\/pt-pt\/wp-json\/wp\/v2\/product_cat?post=27381"},{"taxonomy":"product_tag","embeddable":true,"href":"https:\/\/olemosaic.orbitalia.org\/pt-pt\/wp-json\/wp\/v2\/product_tag?post=27381"}],"curies":[{"name":"wp","href":"https:\/\/api.w.org\/{rel}","templated":true}]}}