{"id":27249,"date":"2025-02-20T22:28:48","date_gmt":"2025-02-20T22:28:48","guid":{"rendered":"https:\/\/olemosaic.orbitalia.org\/producto\/funda-de-telefono-para-iphone-12-pro-tpu-abstracto-azul\/"},"modified":"2025-07-25T18:45:55","modified_gmt":"2025-07-25T16:45:55","slug":"capa-de-telemovel-para-iphone-12-pro-tpu-abstrato-azul","status":"publish","type":"product","link":"https:\/\/olemosaic.orbitalia.org\/pt-pt\/produto\/capa-de-telemovel-para-iphone-12-pro-tpu-abstrato-azul\/","title":{"rendered":"Capa de telem\u00f3vel para iPhone 12 Pro (TPU). Abstrato. Azul"},"content":{"rendered":"<p>Esta capa para iPhone 12 Pro \u00e9 o acess\u00f3rio perfeito para quem procura unir estilo e funcionalidade, celebrando simultaneamente a ess\u00eancia vibrante de Maiorca. Fabricada em TPU de alta qualidade, n\u00e3o s\u00f3 protege o seu dispositivo de choques e riscos, como tamb\u00e9m apresenta um design abstrato deslumbrante que chama a aten\u00e7\u00e3o instantaneamente. A combina\u00e7\u00e3o de tons azuis, rosas e amarelos flui em formas onduladas, criando um efeito visual din\u00e2mico que evoca as impressionantes paisagens da ilha mediterr\u00e2nica. A palavra &#8220;MALLORCA&#8221; destaca-se em letras brancas, integrando-se harmoniosamente no design e acrescentando um toque distintivo que real\u00e7a a sua liga\u00e7\u00e3o com este destino ic\u00f3nico.<\/p>\n<p>Esta recorda\u00e7\u00e3o de Maiorca \u00e9 mais do que um simples acess\u00f3rio; \u00e9 uma pe\u00e7a que reflete a cultura e a arte visual da ilha, famosa pela sua beleza natural e pela sua rica hist\u00f3ria. Ideal n\u00e3o s\u00f3 para visitantes de Maiorca, mas tamb\u00e9m como um presente exclusivo ou lembran\u00e7a para quem deseje levar um pedacinho da ilha. Na Ol\u00e9 Mosaic, especializamo-nos na distribui\u00e7\u00e3o de recorda\u00e7\u00f5es por grosso, oferecendo produtos aut\u00eanticos que captam a ess\u00eancia cultural e est\u00e9tica das suas regi\u00f5es de origem. Esta capa \u00e9, sem d\u00favida, uma excelente op\u00e7\u00e3o para lojas de recorda\u00e7\u00f5es tur\u00edsticas que procurem produtos de qualidade, aut\u00eanticos e visualmente impactantes.<\/p>\n","protected":false},"excerpt":{"rendered":"<p>Capa para iPhone 12 Pro fabricada em TPU, com um design abstrato que evoca as cores vibrantes de Maiorca. Apresenta uma explos\u00e3o de tonalidades azuis, rosas e amarelas que fluem em formas onduladas, criando um efeito visual din\u00e2mico. A palavra &#8220;MALLORCA&#8221; destaca-se em letras brancas, integrando-se harmonicamente no design. Esta capa n\u00e3o s\u00f3 protege o seu dispositivo, como tamb\u00e9m acrescenta um toque art\u00edstico inspirado na beleza desta ilha mediterr\u00e2nica.<\/p>\n","protected":false},"featured_media":12918,"template":"","meta":{"_acf_changed":false},"product_brand":[],"product_cat":[685],"product_tag":[],"class_list":{"0":"post-27249","1":"product","2":"type-product","3":"status-publish","4":"has-post-thumbnail","6":"product_cat-capas-para-telemoveis","7":"pa_ciudad-mallorca","8":"pa_motivo-resumo","9":"pa_pais-espana","11":"first","12":"instock","13":"shipping-taxable","14":"product-type-simple"},"acf":[],"_links":{"self":[{"href":"https:\/\/olemosaic.orbitalia.org\/pt-pt\/wp-json\/wp\/v2\/product\/27249","targetHints":{"allow":["GET"]}}],"collection":[{"href":"https:\/\/olemosaic.orbitalia.org\/pt-pt\/wp-json\/wp\/v2\/product"}],"about":[{"href":"https:\/\/olemosaic.orbitalia.org\/pt-pt\/wp-json\/wp\/v2\/types\/product"}],"wp:featuredmedia":[{"embeddable":true,"href":"https:\/\/olemosaic.orbitalia.org\/pt-pt\/wp-json\/wp\/v2\/media\/12918"}],"wp:attachment":[{"href":"https:\/\/olemosaic.orbitalia.org\/pt-pt\/wp-json\/wp\/v2\/media?parent=27249"}],"wp:term":[{"taxonomy":"product_brand","embeddable":true,"href":"https:\/\/olemosaic.orbitalia.org\/pt-pt\/wp-json\/wp\/v2\/product_brand?post=27249"},{"taxonomy":"product_cat","embeddable":true,"href":"https:\/\/olemosaic.orbitalia.org\/pt-pt\/wp-json\/wp\/v2\/product_cat?post=27249"},{"taxonomy":"product_tag","embeddable":true,"href":"https:\/\/olemosaic.orbitalia.org\/pt-pt\/wp-json\/wp\/v2\/product_tag?post=27249"}],"curies":[{"name":"wp","href":"https:\/\/api.w.org\/{rel}","templated":true}]}}