{"id":24342,"date":"2025-02-20T23:32:03","date_gmt":"2025-02-20T22:32:03","guid":{"rendered":"https:\/\/olemosaic.orbitalia.org\/producto\/iman-de-ceramica-patio-andaluz-branco\/"},"modified":"2025-11-21T13:23:19","modified_gmt":"2025-11-21T12:23:19","slug":"iman-de-ceramica-patio-andaluz-branco","status":"publish","type":"product","link":"https:\/\/olemosaic.orbitalia.org\/pt-pt\/produto\/iman-de-ceramica-patio-andaluz-branco\/","title":{"rendered":"\u00cdman de cer\u00e2mica. P\u00e1tio andaluz. Branco."},"content":{"rendered":"<p>Este \u00edman de cer\u00e2mica representa um vibrante p\u00e1tio andaluz, captando a ess\u00eancia da cultura flamenca numa obra de arte quotidiana. Sobre um fundo branco luminoso, a pe\u00e7a apresenta uma ilustra\u00e7\u00e3o de efeito pintado \u00e0 m\u00e3o que representa um casal a dan\u00e7ar flamenco. A bailaora destaca-se com o seu vestido de bolinhas vermelhas e a sua sombrinha colorida, enquanto o bailaor, com o seu cl\u00e1ssico fato preto, completa a composi\u00e7\u00e3o com um toque de eleg\u00e2ncia e sofistica\u00e7\u00e3o. Os pormenores de cores vivas evocam o ambiente festivo e alegre das tradi\u00e7\u00f5es espanholas, fazendo deste \u00edman uma recorda\u00e7\u00e3o ideal para quem quer levar um pedacinho da Andaluzia para casa.   <\/p>\n<p>Esta lembran\u00e7a, com o seu design atraente, n\u00e3o s\u00f3 \u00e9 funcional para guardar notas ou fotografias no frigor\u00edfico, como tamb\u00e9m \u00e9 uma pe\u00e7a representativa do rico patrim\u00f3nio cultural de Espanha. Na Ol\u00e9 Mosaic, somos especialistas na distribui\u00e7\u00e3o grossista de lembran\u00e7as aut\u00eanticas, oferecendo produtos que reflectem a arte e a cultura locais. Este \u00edman de cer\u00e2mica \u00e9 uma excelente op\u00e7\u00e3o para as lojas de lembran\u00e7as tur\u00edsticas que procuram artigos de qualidade e culturalmente relevantes, combinando tradi\u00e7\u00e3o e funcionalidade num s\u00f3 produto. Perfeito para os turistas que desejam recordar a beleza e a alegria da Andaluzia, \u00e9 uma lembran\u00e7a encantadora que ir\u00e1 valorizar qualquer cole\u00e7\u00e3o.   <\/p>\n","protected":false},"excerpt":{"rendered":"<p>\u00cdman de cer\u00e2mica que representa um vibrante p\u00e1tio andaluz. Este \u00edman atraente, com fundo branco, \u00e9 adornado com uma ilustra\u00e7\u00e3o pintada \u00e0 m\u00e3o, de conce\u00e7\u00e3o artesanal, de um casal a dan\u00e7ar flamenco: uma bailaora com um vestido vermelho de bolinhas e um bailaor com um traje cl\u00e1ssico. Os pormenores coloridos d\u00e3o um toque festivo, evocando a atmosfera alegre e colorida das tradi\u00e7\u00f5es espanholas. Ideal para recordar a beleza da Andaluzia.   <\/p>\n","protected":false},"featured_media":8432,"template":"","meta":{"_acf_changed":false},"product_brand":[],"product_cat":[699],"product_tag":[515],"class_list":{"0":"post-24342","1":"product","2":"type-product","3":"status-publish","4":"has-post-thumbnail","6":"product_cat-imanes","7":"product_tag-ceramica","8":"pa_motivo-patios","10":"first","11":"instock","12":"shipping-taxable","13":"product-type-simple"},"acf":[],"_links":{"self":[{"href":"https:\/\/olemosaic.orbitalia.org\/pt-pt\/wp-json\/wp\/v2\/product\/24342","targetHints":{"allow":["GET"]}}],"collection":[{"href":"https:\/\/olemosaic.orbitalia.org\/pt-pt\/wp-json\/wp\/v2\/product"}],"about":[{"href":"https:\/\/olemosaic.orbitalia.org\/pt-pt\/wp-json\/wp\/v2\/types\/product"}],"wp:featuredmedia":[{"embeddable":true,"href":"https:\/\/olemosaic.orbitalia.org\/pt-pt\/wp-json\/wp\/v2\/media\/8432"}],"wp:attachment":[{"href":"https:\/\/olemosaic.orbitalia.org\/pt-pt\/wp-json\/wp\/v2\/media?parent=24342"}],"wp:term":[{"taxonomy":"product_brand","embeddable":true,"href":"https:\/\/olemosaic.orbitalia.org\/pt-pt\/wp-json\/wp\/v2\/product_brand?post=24342"},{"taxonomy":"product_cat","embeddable":true,"href":"https:\/\/olemosaic.orbitalia.org\/pt-pt\/wp-json\/wp\/v2\/product_cat?post=24342"},{"taxonomy":"product_tag","embeddable":true,"href":"https:\/\/olemosaic.orbitalia.org\/pt-pt\/wp-json\/wp\/v2\/product_tag?post=24342"}],"curies":[{"name":"wp","href":"https:\/\/api.w.org\/{rel}","templated":true}]}}