{"id":24304,"date":"2025-02-20T23:31:52","date_gmt":"2025-02-20T22:31:52","guid":{"rendered":"https:\/\/olemosaic.orbitalia.org\/producto\/chavena-de-ceramica-flores-branco-95-cm\/"},"modified":"2025-02-20T23:31:52","modified_gmt":"2025-02-20T22:31:52","slug":"chavena-de-ceramica-flores-branco-95-cm","status":"publish","type":"product","link":"https:\/\/olemosaic.orbitalia.org\/pt-pt\/produto\/chavena-de-ceramica-flores-branco-95-cm\/","title":{"rendered":"Ch\u00e1vena de cer\u00e2mica. Flores. Branco. 9,5 cm."},"content":{"rendered":"<p>Esta \u00e9 uma caneca de cer\u00e2mica com um design \u00fanico, decorada com um mosaico floral vibrante e colorido que evoca o estilo do famoso arquiteto Antoni Gaud\u00ed. Com 9,5 cm de altura, esta encantadora caneca apresenta um exterior adornado com uma explos\u00e3o de cores: vermelhos, amarelos, azuis e pretos, que entrela\u00e7am uma s\u00e9rie de flores, criando uma est\u00e9tica alegre e contempor\u00e2nea. A pega original da ch\u00e1vena, com a sua forma carater\u00edstica, complementa perfeitamente a decora\u00e7\u00e3o, tornando cada gole numa experi\u00eancia \u00fanica e divertida. O interior, num tom laranja quente, real\u00e7a os detalhes do exterior, proporcionando um contraste visual apelativo.   <\/p>\n<p>Este produto n\u00e3o \u00e9 apenas uma pe\u00e7a funcional, ideal para saborear o teu caf\u00e9 ou ch\u00e1 preferido, mas representa tamb\u00e9m uma liga\u00e7\u00e3o cultural significativa \u00e0 rica tradi\u00e7\u00e3o art\u00edstica de Espanha. Os padr\u00f5es florais s\u00e3o inspirados no legado de Gaud\u00ed, conhecido pelas suas obras-primas do modernismo catal\u00e3o, que transformaram a arquitetura de Barcelona. Como lembran\u00e7a aut\u00eantica, esta caneca de cer\u00e2mica \u00e9 uma excelente escolha para os turistas que procuram levar uma pe\u00e7a de arte espanhola para casa. Na Ol\u00e9 Mosaic, orgulhamo-nos de oferecer estas lembran\u00e7as de cer\u00e2mica por atacado, perfeitas para lojas de presentes tur\u00edsticos que desejam destacar a beleza e a cultura de Espanha.   <\/p>\n","protected":false},"excerpt":{"rendered":"<p>Caneca de cer\u00e2mica decorada com um design floral vibrante em vermelho, amarelo, azul e preto, evocando o estilo do famoso mosaico de Gaud\u00ed. Com 9,5 cm de altura, esta bela caneca apresenta uma pega de forma \u00fanica que complementa a sua est\u00e9tica alegre e colorida. O interior cor de laranja real\u00e7a os detalhes do exterior, fazendo desta caneca uma pe\u00e7a funcional e decorativa ideal para qualquer amante da cultura espanhola.  <\/p>\n","protected":false},"featured_media":8915,"template":"","meta":{"_acf_changed":false},"product_brand":[],"product_cat":[726],"product_tag":[515],"class_list":{"0":"post-24304","1":"product","2":"type-product","3":"status-publish","4":"has-post-thumbnail","6":"product_cat-mugs","7":"product_tag-ceramica","8":"pa_motivo-flores","10":"first","11":"instock","12":"shipping-taxable","13":"product-type-simple"},"acf":[],"_links":{"self":[{"href":"https:\/\/olemosaic.orbitalia.org\/pt-pt\/wp-json\/wp\/v2\/product\/24304","targetHints":{"allow":["GET"]}}],"collection":[{"href":"https:\/\/olemosaic.orbitalia.org\/pt-pt\/wp-json\/wp\/v2\/product"}],"about":[{"href":"https:\/\/olemosaic.orbitalia.org\/pt-pt\/wp-json\/wp\/v2\/types\/product"}],"wp:featuredmedia":[{"embeddable":true,"href":"https:\/\/olemosaic.orbitalia.org\/pt-pt\/wp-json\/wp\/v2\/media\/8915"}],"wp:attachment":[{"href":"https:\/\/olemosaic.orbitalia.org\/pt-pt\/wp-json\/wp\/v2\/media?parent=24304"}],"wp:term":[{"taxonomy":"product_brand","embeddable":true,"href":"https:\/\/olemosaic.orbitalia.org\/pt-pt\/wp-json\/wp\/v2\/product_brand?post=24304"},{"taxonomy":"product_cat","embeddable":true,"href":"https:\/\/olemosaic.orbitalia.org\/pt-pt\/wp-json\/wp\/v2\/product_cat?post=24304"},{"taxonomy":"product_tag","embeddable":true,"href":"https:\/\/olemosaic.orbitalia.org\/pt-pt\/wp-json\/wp\/v2\/product_tag?post=24304"}],"curies":[{"name":"wp","href":"https:\/\/api.w.org\/{rel}","templated":true}]}}