{"id":24012,"date":"2025-02-20T23:31:56","date_gmt":"2025-02-20T22:31:56","guid":{"rendered":"https:\/\/olemosaic.orbitalia.org\/producto\/iman-de-ceramica-patio-flamenco-branco\/"},"modified":"2025-02-20T23:31:56","modified_gmt":"2025-02-20T22:31:56","slug":"iman-de-ceramica-patio-flamenco-branco","status":"publish","type":"product","link":"https:\/\/olemosaic.orbitalia.org\/pt-pt\/produto\/iman-de-ceramica-patio-flamenco-branco\/","title":{"rendered":"\u00cdman de cer\u00e2mica. P\u00e1tio. Flamenco. Branco."},"content":{"rendered":"<p>Este \u00edman de cer\u00e2mica, com o seu vibrante desenho de um p\u00e1tio andaluz, \u00e9 a lembran\u00e7a ideal para captar a ess\u00eancia do folclore espanhol. A ilustra\u00e7\u00e3o apresenta dois dan\u00e7arinos de flamenco em plena dan\u00e7a: ela com um cativante vestido de bolinhas vermelhas e ele com um elegante sombrero, evocando a alegria e o movimento do flamenco. As cores vivas das cer\u00e2micas contrastam perfeitamente com o fundo branco, que real\u00e7a todos os pormenores pintados \u00e0 m\u00e3o e acrescenta um toque de luminosidade. O desenho inclui a palavra &#8220;Espanha&#8221;, refor\u00e7ando a sua identidade cultural.   <\/p>\n<p>Mais do que um simples objeto decorativo, este \u00edman \u00e9 uma aut\u00eantica representa\u00e7\u00e3o do esp\u00edrito andaluz, perfeito para te recordar as tuas visitas \u00e0s encantadoras pra\u00e7as e ruas de Espanha. \u00c9 uma excelente escolha para os turistas que procuram lembran\u00e7as de qualidade que contam uma hist\u00f3ria, uma manifesta\u00e7\u00e3o tang\u00edvel do rico patrim\u00f3nio cultural da Andaluzia. Na Ol\u00e9 Mosaic, distribuidora grossista de lembran\u00e7as, valorizamos a autenticidade e a arte, oferecendo artigos \u00fanicos como este \u00edman, que far\u00e1 as del\u00edcias de qualquer loja de lembran\u00e7as tur\u00edsticas.  <\/p>\n","protected":false},"excerpt":{"rendered":"<p>\u00cdman de cer\u00e2mica com um desenho vibrante de um p\u00e1tio andaluz. Este \u00edman encantador apresenta uma ilustra\u00e7\u00e3o de dois dan\u00e7arinos de flamenco: ela com um vestido de bolinhas vermelhas e ele com um sombrero, evocando a alegria do folclore espanhol. As cores vivas e a palavra &#8220;Espanha&#8221; completam a cena, e o fundo branco real\u00e7a os pormenores pintados \u00e0 m\u00e3o, fazendo deste \u00edman uma recorda\u00e7\u00e3o perfeita da cultura espanhola.  <\/p>\n","protected":false},"featured_media":8512,"template":"","meta":{"_acf_changed":false},"product_brand":[],"product_cat":[699],"product_tag":[515],"class_list":{"0":"post-24012","1":"product","2":"type-product","3":"status-publish","4":"has-post-thumbnail","6":"product_cat-imanes","7":"product_tag-ceramica","8":"pa_motivo-patios","10":"first","11":"instock","12":"shipping-taxable","13":"product-type-simple"},"acf":[],"_links":{"self":[{"href":"https:\/\/olemosaic.orbitalia.org\/pt-pt\/wp-json\/wp\/v2\/product\/24012","targetHints":{"allow":["GET"]}}],"collection":[{"href":"https:\/\/olemosaic.orbitalia.org\/pt-pt\/wp-json\/wp\/v2\/product"}],"about":[{"href":"https:\/\/olemosaic.orbitalia.org\/pt-pt\/wp-json\/wp\/v2\/types\/product"}],"wp:featuredmedia":[{"embeddable":true,"href":"https:\/\/olemosaic.orbitalia.org\/pt-pt\/wp-json\/wp\/v2\/media\/8512"}],"wp:attachment":[{"href":"https:\/\/olemosaic.orbitalia.org\/pt-pt\/wp-json\/wp\/v2\/media?parent=24012"}],"wp:term":[{"taxonomy":"product_brand","embeddable":true,"href":"https:\/\/olemosaic.orbitalia.org\/pt-pt\/wp-json\/wp\/v2\/product_brand?post=24012"},{"taxonomy":"product_cat","embeddable":true,"href":"https:\/\/olemosaic.orbitalia.org\/pt-pt\/wp-json\/wp\/v2\/product_cat?post=24012"},{"taxonomy":"product_tag","embeddable":true,"href":"https:\/\/olemosaic.orbitalia.org\/pt-pt\/wp-json\/wp\/v2\/product_tag?post=24012"}],"curies":[{"name":"wp","href":"https:\/\/api.w.org\/{rel}","templated":true}]}}