{"id":34668,"date":"2025-02-20T22:36:30","date_gmt":"2025-02-20T22:36:30","guid":{"rendered":"https:\/\/olemosaic.orbitalia.org\/producto\/funda-de-telefono-para-iphone-13-promax-tpu-mariposa-mallorca-blanco\/"},"modified":"2025-07-25T19:10:17","modified_gmt":"2025-07-25T17:10:17","slug":"coque-de-telephone-pour-iphone-13-pro-max-tpu-papillon-majorque-blanc","status":"publish","type":"product","link":"https:\/\/olemosaic.orbitalia.org\/fr\/produit\/coque-de-telephone-pour-iphone-13-pro-max-tpu-papillon-majorque-blanc\/","title":{"rendered":"Coque de t\u00e9l\u00e9phone pour iPhone 13 Pro Max (TPU). Papillon. Majorque. Blanc"},"content":{"rendered":"<p>La coque pour iPhone 13 Pro Max est un accessoire indispensable pour ceux qui veulent prot\u00e9ger leur appareil sans renoncer au style. Ce design vibrant, inspir\u00e9 par la beaut\u00e9 naturelle de Majorque, pr\u00e9sente une impressionnante illustration de papillons dans les tons bleus, oranges, roses et verts. Les papillons, aux ailes d\u00e9ploy\u00e9es, semblent prendre vie sur un \u00e9l\u00e9gant fond blanc, compl\u00e9t\u00e9 par une mosa\u00efque artistique qui \u00e9voque la riche tradition culturelle de l&rsquo;\u00eele. Le mot \u00ab\u00a0Majorque\u00a0\u00bb se d\u00e9tache avec un lettrage attrayant, apportant une touche personnelle et distinctive \u00e0 la coque.<\/p>\n<p>Fabriqu\u00e9e en TPU, ce mat\u00e9riau offre une protection efficace contre les impacts et les rayures, garantissant que votre iPhone 13 Pro Max reste en parfait \u00e9tat. Le design ne prot\u00e8ge pas seulement votre appareil, il sert \u00e9galement de souvenir frappant qui encapsule l&rsquo;essence m\u00e9diterran\u00e9enne de Majorque. Ce produit repr\u00e9sente une pr\u00e9cieuse connexion culturelle, rappelant aux touristes la magnifique biodiversit\u00e9 de l&rsquo;\u00eele.<\/p>\n<p>Chez Ol\u00e9 Mosaic, nous nous sp\u00e9cialisons dans la distribution en gros de souvenirs authentiques, et cette coque est un choix id\u00e9al pour les boutiques de cadeaux touristiques qui cherchent \u00e0 proposer des articles uniques et de qualit\u00e9. Incluez cette coque de papillons dans votre catalogue et offrez \u00e0 vos clients un souvenir authentique de Majorque qui allie fonctionnalit\u00e9 et art.<\/p>\n","protected":false},"excerpt":{"rendered":"<p>Coque pour iPhone 13 Pro Max fabriqu\u00e9e en TPU, avec un design vibrant de papillons inspir\u00e9 par la beaut\u00e9 de Majorque. Cette coque blanche pr\u00e9sente une illustration color\u00e9e de papillons dans les tons bleus, oranges, roses et verts, sur un fond de mosa\u00efque qui \u00e9voque le style artistique de l&rsquo;\u00eele. Le mot \u00ab\u00a0Majorque\u00a0\u00bb se distingue par un lettrage attrayant, faisant de cet accessoire une option id\u00e9ale pour ceux qui souhaitent prot\u00e9ger leur appareil sans renoncer au style.<\/p>\n","protected":false},"featured_media":12940,"template":"","meta":{"_acf_changed":false},"product_brand":[],"product_cat":[674],"product_tag":[530],"class_list":{"0":"post-34668","1":"product","2":"type-product","3":"status-publish","4":"has-post-thumbnail","6":"product_cat-etuis-pour-telephones-portables","7":"product_tag-animaux","8":"pa_ciudad-mallorca","9":"pa_motivo-papillons","10":"pa_pais-espana","12":"first","13":"instock","14":"shipping-taxable","15":"product-type-simple"},"acf":[],"_links":{"self":[{"href":"https:\/\/olemosaic.orbitalia.org\/fr\/wp-json\/wp\/v2\/product\/34668","targetHints":{"allow":["GET"]}}],"collection":[{"href":"https:\/\/olemosaic.orbitalia.org\/fr\/wp-json\/wp\/v2\/product"}],"about":[{"href":"https:\/\/olemosaic.orbitalia.org\/fr\/wp-json\/wp\/v2\/types\/product"}],"wp:featuredmedia":[{"embeddable":true,"href":"https:\/\/olemosaic.orbitalia.org\/fr\/wp-json\/wp\/v2\/media\/12940"}],"wp:attachment":[{"href":"https:\/\/olemosaic.orbitalia.org\/fr\/wp-json\/wp\/v2\/media?parent=34668"}],"wp:term":[{"taxonomy":"product_brand","embeddable":true,"href":"https:\/\/olemosaic.orbitalia.org\/fr\/wp-json\/wp\/v2\/product_brand?post=34668"},{"taxonomy":"product_cat","embeddable":true,"href":"https:\/\/olemosaic.orbitalia.org\/fr\/wp-json\/wp\/v2\/product_cat?post=34668"},{"taxonomy":"product_tag","embeddable":true,"href":"https:\/\/olemosaic.orbitalia.org\/fr\/wp-json\/wp\/v2\/product_tag?post=34668"}],"curies":[{"name":"wp","href":"https:\/\/api.w.org\/{rel}","templated":true}]}}