{"id":34505,"date":"2025-02-20T23:36:17","date_gmt":"2025-02-20T22:36:17","guid":{"rendered":"https:\/\/olemosaic.orbitalia.org\/producto\/iman-de-metal-panoramica-malaga-negro-8-cm\/"},"modified":"2025-07-25T20:12:33","modified_gmt":"2025-07-25T18:12:33","slug":"aimant-en-metal-panoramique-malaga-noir-8-cm","status":"publish","type":"product","link":"https:\/\/olemosaic.orbitalia.org\/fr\/produit\/aimant-en-metal-panoramique-malaga-noir-8-cm\/","title":{"rendered":"Aimant en m\u00e9tal. Panoramique. Malaga. Noir. 8 cm."},"content":{"rendered":"<p>Aimant en m\u00e9tal panoramique de Malaga<\/p>\n<p>D\u00e9couvrez l&rsquo;essence de Malaga avec notre aimant en m\u00e9tal pr\u00e9sentant un panorama vibrant de cette ville andalouse embl\u00e9matique. D&rsquo;une taille de 8 cm, cet aimant capture des \u00e9l\u00e9ments iconiques tels que l&rsquo;imposante Plaza de Toros et la majestueuse cath\u00e9drale, le tout dans un design color\u00e9 sur un fond noir qui rehausse son esth\u00e9tique. Le mot \u00ab\u00a0MALAGA\u00a0\u00bb se d\u00e9tache en lettres multicolores, faisant de ce souvenir un rappel attrayant qui \u00e9voque instantan\u00e9ment la vivacit\u00e9 et le folklore de la r\u00e9gion.<\/p>\n<p>L&rsquo;illustration de l&rsquo;aimant combine des d\u00e9tails artistiques et g\u00e9om\u00e9triques, c\u00e9l\u00e9brant la richesse culturelle de Malaga, connue pour son histoire, son art et sa lumi\u00e8re. La repr\u00e9sentation visuelle ornera non seulement n&rsquo;importe quelle surface m\u00e9tallique, mais servira \u00e9galement de rappel constant des coins captivants de cette ville.<\/p>\n<p>Cet aimant en m\u00e9tal est parfait tant pour les touristes \u00e0 la recherche d&rsquo;un souvenir authentique de leur visite que pour les boutiques de cadeaux touristiques souhaitant proposer des souvenirs de qualit\u00e9. Chez Ol\u00e9 Mosaic, nous sommes fiers d&rsquo;\u00eatre des distributeurs de produits culturels qui mettent en avant l&rsquo;authenticit\u00e9 et le charme des destinations espagnoles. Profitez de cette occasion pour enrichir votre catalogue avec cet aimant, un v\u00e9ritable tr\u00e9sor de Malaga.<\/p>\n","protected":false},"excerpt":{"rendered":"<p>Aimant m\u00e9tallique avec un panorama vibrant de Malaga, incluant des \u00e9l\u00e9ments iconiques tels que la Plaza de Toros et la cath\u00e9drale, le tout sur un design color\u00e9 sur fond noir. D&rsquo;une taille de 8 cm, cet aimant combine des d\u00e9tails artistiques avec des illustrations g\u00e9om\u00e9triques, soulignant la beaut\u00e9 de la ville. Le mot \u00ab\u00a0MALAGA\u00a0\u00bb appara\u00eet en lettres multicolores, faisant de ce souvenir un rappel attrayant qui capture l&rsquo;essence et le folklore andalou.<\/p>\n","protected":false},"featured_media":9625,"template":"","meta":{"_acf_changed":false},"product_brand":[],"product_cat":[697],"product_tag":[],"class_list":{"0":"post-34505","1":"product","2":"type-product","3":"status-publish","4":"has-post-thumbnail","6":"product_cat-aimants","7":"pa_ciudad-malaga","8":"pa_motivo-panoramas","9":"pa_pais-espana","11":"first","12":"instock","13":"shipping-taxable","14":"product-type-simple"},"acf":[],"_links":{"self":[{"href":"https:\/\/olemosaic.orbitalia.org\/fr\/wp-json\/wp\/v2\/product\/34505","targetHints":{"allow":["GET"]}}],"collection":[{"href":"https:\/\/olemosaic.orbitalia.org\/fr\/wp-json\/wp\/v2\/product"}],"about":[{"href":"https:\/\/olemosaic.orbitalia.org\/fr\/wp-json\/wp\/v2\/types\/product"}],"wp:featuredmedia":[{"embeddable":true,"href":"https:\/\/olemosaic.orbitalia.org\/fr\/wp-json\/wp\/v2\/media\/9625"}],"wp:attachment":[{"href":"https:\/\/olemosaic.orbitalia.org\/fr\/wp-json\/wp\/v2\/media?parent=34505"}],"wp:term":[{"taxonomy":"product_brand","embeddable":true,"href":"https:\/\/olemosaic.orbitalia.org\/fr\/wp-json\/wp\/v2\/product_brand?post=34505"},{"taxonomy":"product_cat","embeddable":true,"href":"https:\/\/olemosaic.orbitalia.org\/fr\/wp-json\/wp\/v2\/product_cat?post=34505"},{"taxonomy":"product_tag","embeddable":true,"href":"https:\/\/olemosaic.orbitalia.org\/fr\/wp-json\/wp\/v2\/product_tag?post=34505"}],"curies":[{"name":"wp","href":"https:\/\/api.w.org\/{rel}","templated":true}]}}