{"id":34278,"date":"2025-02-20T22:36:02","date_gmt":"2025-02-20T22:36:02","guid":{"rendered":"https:\/\/olemosaic.orbitalia.org\/producto\/iman-de-metal-panoramica-valencia-negro-8-cm\/"},"modified":"2025-07-25T18:56:11","modified_gmt":"2025-07-25T16:56:11","slug":"aimant-en-metal-panoramique-valence-noir-8-cm","status":"publish","type":"product","link":"https:\/\/olemosaic.orbitalia.org\/fr\/produit\/aimant-en-metal-panoramique-valence-noir-8-cm\/","title":{"rendered":"Aimant en m\u00e9tal. Panoramique. Valence. Noir. 8 cm."},"content":{"rendered":"<p>Aimant m\u00e9tallique avec une vue panoramique vibrante de Valence. Cet aimant attrayant de 8 cm est une repr\u00e9sentation artistique qui capture l&rsquo;essence de Valence, id\u00e9al pour les collectionneurs et les amoureux de cette magnifique ville. Avec un fond noir qui rehausse les couleurs \u00e9clatantes des monuments les plus embl\u00e9matiques, tels que la Cit\u00e9 des Arts et des Sciences et la majestueuse Cath\u00e9drale de Valence, chaque d\u00e9tail a \u00e9t\u00e9 cr\u00e9\u00e9 dans un style g\u00e9om\u00e9trique moderne. Les contours polis et les tons vifs apportent une touche contemporaine, tandis que la disposition \u00e9quilibr\u00e9e des illustrations procure une sensation d&rsquo;harmonie visuelle. Cet aimant ne devient pas seulement un souvenir physique de la beaut\u00e9 architecturale de Valence, mais il refl\u00e8te \u00e9galement le riche h\u00e9ritage culturel de la ville, o\u00f9 l&rsquo;histoire et la modernit\u00e9 coexistent \u00e0 la perfection. C&rsquo;est le souvenir parfait pour ramener un morceau de Valence chez soi. Chez Ol\u00e9 Mosaic, nous garantissons l&rsquo;authenticit\u00e9 et la qualit\u00e9 de chacun de nos souvenirs, et cet aimant m\u00e9tallique est une excellente option pour les boutiques de cadeaux touristiques qui cherchent \u00e0 proposer des produits c\u00e9l\u00e9brant la singularit\u00e9 de la capitale du Turia.<\/p>\n","protected":false},"excerpt":{"rendered":"<p>Aimant m\u00e9tallique avec une vue panoramique vibrante de Valence, id\u00e9al pour les collectionneurs et les amoureux de la ville. Il mesure 8 cm et pr\u00e9sente un fond noir qui fait ressortir les monuments embl\u00e9matiques de Valence, tels que la Cit\u00e9 des Arts et des Sciences et la Cath\u00e9drale, illustr\u00e9s dans un style color\u00e9 et g\u00e9om\u00e9trique. Les d\u00e9tails aux tons vifs apportent une touche moderne \u00e0 ce souvenir embl\u00e9matique, parfait pour ramener un morceau de Valence chez soi.<\/p>\n","protected":false},"featured_media":10456,"template":"","meta":{"_acf_changed":false},"product_brand":[],"product_cat":[697],"product_tag":[],"class_list":{"0":"post-34278","1":"product","2":"type-product","3":"status-publish","4":"has-post-thumbnail","6":"product_cat-aimants","7":"pa_ciudad-valencia","8":"pa_motivo-panoramas","9":"pa_pais-espana","11":"first","12":"instock","13":"shipping-taxable","14":"product-type-simple"},"acf":[],"_links":{"self":[{"href":"https:\/\/olemosaic.orbitalia.org\/fr\/wp-json\/wp\/v2\/product\/34278","targetHints":{"allow":["GET"]}}],"collection":[{"href":"https:\/\/olemosaic.orbitalia.org\/fr\/wp-json\/wp\/v2\/product"}],"about":[{"href":"https:\/\/olemosaic.orbitalia.org\/fr\/wp-json\/wp\/v2\/types\/product"}],"wp:featuredmedia":[{"embeddable":true,"href":"https:\/\/olemosaic.orbitalia.org\/fr\/wp-json\/wp\/v2\/media\/10456"}],"wp:attachment":[{"href":"https:\/\/olemosaic.orbitalia.org\/fr\/wp-json\/wp\/v2\/media?parent=34278"}],"wp:term":[{"taxonomy":"product_brand","embeddable":true,"href":"https:\/\/olemosaic.orbitalia.org\/fr\/wp-json\/wp\/v2\/product_brand?post=34278"},{"taxonomy":"product_cat","embeddable":true,"href":"https:\/\/olemosaic.orbitalia.org\/fr\/wp-json\/wp\/v2\/product_cat?post=34278"},{"taxonomy":"product_tag","embeddable":true,"href":"https:\/\/olemosaic.orbitalia.org\/fr\/wp-json\/wp\/v2\/product_tag?post=34278"}],"curies":[{"name":"wp","href":"https:\/\/api.w.org\/{rel}","templated":true}]}}