{"id":33865,"date":"2025-02-20T23:35:39","date_gmt":"2025-02-20T22:35:39","guid":{"rendered":"https:\/\/olemosaic.orbitalia.org\/producto\/funda-de-telefono-para-samsung-a23-tpu-abstracto-4\/"},"modified":"2025-07-25T20:40:23","modified_gmt":"2025-07-25T18:40:23","slug":"coque-de-telephone-pour-samsung-a23-tpu-abstrait-4","status":"publish","type":"product","link":"https:\/\/olemosaic.orbitalia.org\/fr\/produit\/coque-de-telephone-pour-samsung-a23-tpu-abstrait-4\/","title":{"rendered":"Coque de t\u00e9l\u00e9phone pour Samsung A23 (TPU). Abstrait. Mosa\u00efque."},"content":{"rendered":"<p>Coque pour Samsung A23 avec un design abstrait inspir\u00e9 du trencad\u00eds barcelonais. Fabriqu\u00e9e en TPU, un mat\u00e9riau flexible et r\u00e9sistant, cette coque offre une protection efficace contre les chocs et les chutes, parfaite pour ceux qui veulent garder leur appareil impeccable. Son design se distingue par une mosa\u00efque vibrante aux tons bleus, oranges et jaunes, dispos\u00e9e en formes g\u00e9om\u00e9triques qui \u00e9voquent la cr\u00e9ativit\u00e9 et le coloris de l&rsquo;architecture moderniste de la cit\u00e9 comtale.<\/p>\n<p>Le trencad\u00eds, technique popularis\u00e9e par le c\u00e9l\u00e8bre architecte Antoni Gaud\u00ed, utilise des fragments de c\u00e9ramique et de verre pour cr\u00e9er des compositions artistiques qui transforment le quotidien en chefs-d&rsquo;\u0153uvre. Cette coque n&rsquo;est pas seulement un accessoire fonctionnel, mais aussi un souvenir repr\u00e9sentatif du style unique de Barcelone, transformant chaque appareil en une toile qui refl\u00e8te l&rsquo;h\u00e9ritage culturel de la ville.<\/p>\n<p>Id\u00e9ale pour les touristes et les locaux qui souhaitent emporter un morceau de Barcelone partout avec eux, cette coque est un excellent souvenir qui allie art et utilit\u00e9. Chez Ol\u00e9 Mosaic, nous proposons une large gamme de produits de qualit\u00e9 en gros, garantissant que chaque client trouve des souvenirs authentiques de Barcelone qui soulignent la richesse culturelle de la r\u00e9gion.<\/p>\n","protected":false},"excerpt":{"rendered":"<p>Coque pour t\u00e9l\u00e9phone Samsung A23 fabriqu\u00e9e en TPU avec un design abstrait inspir\u00e9 du trencad\u00eds, caract\u00e9ristique de l&rsquo;architecture moderniste de Barcelone. Elle pr\u00e9sente une mosa\u00efque vibrante aux tons bleus, oranges et jaunes dispos\u00e9s en formes g\u00e9om\u00e9triques qui \u00e9voquent la cr\u00e9ativit\u00e9 et le coloris de la ville. Son mat\u00e9riau flexible offre une protection r\u00e9sistante, tandis que son design unique ajoute une touche artistique et contemporaine \u00e0 votre appareil.<\/p>\n","protected":false},"featured_media":12602,"template":"","meta":{"_acf_changed":false},"product_brand":[],"product_cat":[674],"product_tag":[],"class_list":{"0":"post-33865","1":"product","2":"type-product","3":"status-publish","4":"has-post-thumbnail","6":"product_cat-etuis-pour-telephones-portables","7":"pa_motivo-resume","9":"first","10":"instock","11":"shipping-taxable","12":"product-type-simple"},"acf":[],"_links":{"self":[{"href":"https:\/\/olemosaic.orbitalia.org\/fr\/wp-json\/wp\/v2\/product\/33865","targetHints":{"allow":["GET"]}}],"collection":[{"href":"https:\/\/olemosaic.orbitalia.org\/fr\/wp-json\/wp\/v2\/product"}],"about":[{"href":"https:\/\/olemosaic.orbitalia.org\/fr\/wp-json\/wp\/v2\/types\/product"}],"wp:featuredmedia":[{"embeddable":true,"href":"https:\/\/olemosaic.orbitalia.org\/fr\/wp-json\/wp\/v2\/media\/12602"}],"wp:attachment":[{"href":"https:\/\/olemosaic.orbitalia.org\/fr\/wp-json\/wp\/v2\/media?parent=33865"}],"wp:term":[{"taxonomy":"product_brand","embeddable":true,"href":"https:\/\/olemosaic.orbitalia.org\/fr\/wp-json\/wp\/v2\/product_brand?post=33865"},{"taxonomy":"product_cat","embeddable":true,"href":"https:\/\/olemosaic.orbitalia.org\/fr\/wp-json\/wp\/v2\/product_cat?post=33865"},{"taxonomy":"product_tag","embeddable":true,"href":"https:\/\/olemosaic.orbitalia.org\/fr\/wp-json\/wp\/v2\/product_tag?post=33865"}],"curies":[{"name":"wp","href":"https:\/\/api.w.org\/{rel}","templated":true}]}}