{"id":31727,"date":"2025-02-20T23:33:34","date_gmt":"2025-02-20T22:33:34","guid":{"rendered":"https:\/\/olemosaic.orbitalia.org\/producto\/llavero-de-madera-letra-y\/"},"modified":"2025-07-25T18:35:04","modified_gmt":"2025-07-25T16:35:04","slug":"porte-cles-en-bois-lettre-y","status":"publish","type":"product","link":"https:\/\/olemosaic.orbitalia.org\/fr\/produit\/porte-cles-en-bois-lettre-y\/","title":{"rendered":"Porte-cl\u00e9s en bois. Lettre Y."},"content":{"rendered":"<p>Ce porte-cl\u00e9s en bois en forme de lettre \u00ab\u00a0Y\u00a0\u00bb est un v\u00e9ritable hommage au style unique du c\u00e9l\u00e8bre architecte Antoni Gaud\u00ed et incarne l&rsquo;essence vibrante de Barcelone. D\u00e9cor\u00e9 d&rsquo;un design de mosa\u00efque exclusif \u00e9voquant le trencad\u00eds, il pr\u00e9sente une combinaison exub\u00e9rante de couleurs telles que le bleu, le rouge, le jaune et le vert sur un fond blanc, rappelant les spectaculaires carreaux qui ornent les \u0153uvres embl\u00e9matiques de la ville, comme le Park G\u00fcell et la Casa Batll\u00f3.<\/p>\n<p>Avec son design en forme de \u00ab\u00a0Y\u00a0\u00bb, ce porte-cl\u00e9s est \u00e0 la fois un accessoire fonctionnel et une pi\u00e8ce d\u00e9corative, id\u00e9al pour garder les cl\u00e9s organis\u00e9es tout en rendant hommage au riche patrimoine culturel de la r\u00e9gion. L&rsquo;artisanat derri\u00e8re ce produit refl\u00e8te la cr\u00e9ativit\u00e9 et le talent caract\u00e9ristiques de la tradition artisanale catalane, ce qui en fait un cadeau parfait pour ceux qui souhaitent emporter avec eux un petit morceau de Barcelone.<\/p>\n<p>Chez Ol\u00e9 Mosaic, nous sommes sp\u00e9cialis\u00e9s dans la distribution de souvenirs en gros, et ce porte-cl\u00e9s en bois est un excellent choix pour les boutiques de cadeaux touristiques cherchant \u00e0 proposer des produits authentiques et repr\u00e9sentatifs. En choisissant ce porte-cl\u00e9s de style Gaud\u00ed, vos clients obtiendront non seulement un souvenir pratique, mais aussi un symbole de l&rsquo;ind\u00e9pendance artistique et culturelle de Barcelone.<\/p>\n","protected":false},"excerpt":{"rendered":"<p>Porte-cl\u00e9s en bois en forme de lettre \u00ab\u00a0Y\u00a0\u00bb, d\u00e9cor\u00e9 d&rsquo;un design de mosa\u00efque vibrant qui \u00e9voque le style du c\u00e9l\u00e8bre architecte Antoni Gaud\u00ed. Cet original porte-cl\u00e9s combine des couleurs comme le bleu, le rouge, le jaune et le vert sur un fond blanc, imitant les \u0153uvres de trencad\u00eds, si caract\u00e9ristiques de Barcelone. Un accessoire fonctionnel et artistique qui non seulement garde vos cl\u00e9s organis\u00e9es, mais c\u00e9l\u00e8bre \u00e9galement le riche patrimoine culturel de la r\u00e9gion.<\/p>\n","protected":false},"featured_media":10944,"template":"","meta":{"_acf_changed":false},"product_brand":[],"product_cat":[607],"product_tag":[614],"class_list":{"0":"post-31727","1":"product","2":"type-product","3":"status-publish","4":"has-post-thumbnail","6":"product_cat-porte-cles","7":"product_tag-lettres","8":"pa_motivo-lettre-y","10":"first","11":"instock","12":"shipping-taxable","13":"product-type-simple"},"acf":[],"_links":{"self":[{"href":"https:\/\/olemosaic.orbitalia.org\/fr\/wp-json\/wp\/v2\/product\/31727","targetHints":{"allow":["GET"]}}],"collection":[{"href":"https:\/\/olemosaic.orbitalia.org\/fr\/wp-json\/wp\/v2\/product"}],"about":[{"href":"https:\/\/olemosaic.orbitalia.org\/fr\/wp-json\/wp\/v2\/types\/product"}],"wp:featuredmedia":[{"embeddable":true,"href":"https:\/\/olemosaic.orbitalia.org\/fr\/wp-json\/wp\/v2\/media\/10944"}],"wp:attachment":[{"href":"https:\/\/olemosaic.orbitalia.org\/fr\/wp-json\/wp\/v2\/media?parent=31727"}],"wp:term":[{"taxonomy":"product_brand","embeddable":true,"href":"https:\/\/olemosaic.orbitalia.org\/fr\/wp-json\/wp\/v2\/product_brand?post=31727"},{"taxonomy":"product_cat","embeddable":true,"href":"https:\/\/olemosaic.orbitalia.org\/fr\/wp-json\/wp\/v2\/product_cat?post=31727"},{"taxonomy":"product_tag","embeddable":true,"href":"https:\/\/olemosaic.orbitalia.org\/fr\/wp-json\/wp\/v2\/product_tag?post=31727"}],"curies":[{"name":"wp","href":"https:\/\/api.w.org\/{rel}","templated":true}]}}