{"id":30987,"date":"2025-02-20T22:32:47","date_gmt":"2025-02-20T22:32:47","guid":{"rendered":"https:\/\/olemosaic.orbitalia.org\/producto\/iman-de-metal-panoramica-marbella-negro-8-cm\/"},"modified":"2025-07-25T19:23:19","modified_gmt":"2025-07-25T17:23:19","slug":"aimant-metal-panoramique-marbella-noir-8-cm","status":"publish","type":"product","link":"https:\/\/olemosaic.orbitalia.org\/fr\/produit\/aimant-metal-panoramique-marbella-noir-8-cm\/","title":{"rendered":"Aimant en m\u00e9tal. Panoramique. Marbella. Noir. 8 cm."},"content":{"rendered":"<p>Cet aimant m\u00e9tallique pr\u00e9sente une vue panoramique vibrante de Marbella, une destination embl\u00e9matique de la Costa del Sol andalouse caract\u00e9ris\u00e9e par sa beaut\u00e9 impressionnante et son atmosph\u00e8re tranquille. Mesurant 8 cm, ce souvenir attrayant capture l&rsquo;essence du village andalou avec un design color\u00e9 qui met en valeur les charmes de son architecture typique. L&rsquo;illustration montre une place pittoresque avec une fontaine centrale, entour\u00e9e de b\u00e2timents blanchis \u00e0 la chaux \u00e9voquant l&rsquo;architecture traditionnelle andalouse, orn\u00e9s de pots de fleurs qui ajoutent une touche joyeuse et fra\u00eeche.<\/p>\n<p>Le nom \u00ab\u00a0Marbella\u00a0\u00bb est affich\u00e9 de mani\u00e8re pro\u00e9minente en lettres frappantes, encadr\u00e9 sur un fond noir qui fait ressortir les couleurs vives du design, rendant chaque d\u00e9tail captivant. Cet aimant n&rsquo;est pas seulement un accessoire d\u00e9coratif pour la maison, mais sert \u00e9galement de souvenir authentique des exp\u00e9riences v\u00e9cues dans cette charmante destination touristique. Chez Ol\u00e9 Mosaic, en tant que distributeurs de souvenirs en gros, nous proposons cet aimant de Marbella, un excellent ajout pour les boutiques de cadeaux touristiques, refl\u00e9tant la culture et la beaut\u00e9 de l&rsquo;Andalousie. Les souvenirs de Marbella, comme cet aimant, sont parfaits pour les touristes qui cherchent \u00e0 ramener chez eux un morceau de l&rsquo;histoire et de la tradition andalouses.<\/p>\n","protected":false},"excerpt":{"rendered":"<p>Aimant m\u00e9tallique avec une vue panoramique vibrante de Marbella et un design color\u00e9 qui capture l&rsquo;essence du village andalou. Il mesure 8 cm et est d\u00e9cor\u00e9 d&rsquo;une illustration montrant une place avec une fontaine, entour\u00e9e de b\u00e2timents blancs orn\u00e9s de pots de fleurs. Le nom \u00ab\u00a0Marbella\u00a0\u00bb appara\u00eet en lettres frappantes, encadr\u00e9 sur un fond noir qui fait ressortir les couleurs vives du design, \u00e9voquant le charme de cette destination touristique.<\/p>\n","protected":false},"featured_media":9883,"template":"","meta":{"_acf_changed":false},"product_brand":[],"product_cat":[697],"product_tag":[],"class_list":{"0":"post-30987","1":"product","2":"type-product","3":"status-publish","4":"has-post-thumbnail","6":"product_cat-aimants","7":"pa_ciudad-marbella","8":"pa_motivo-panoramas","9":"pa_pais-espana","11":"first","12":"instock","13":"shipping-taxable","14":"product-type-simple"},"acf":[],"_links":{"self":[{"href":"https:\/\/olemosaic.orbitalia.org\/fr\/wp-json\/wp\/v2\/product\/30987","targetHints":{"allow":["GET"]}}],"collection":[{"href":"https:\/\/olemosaic.orbitalia.org\/fr\/wp-json\/wp\/v2\/product"}],"about":[{"href":"https:\/\/olemosaic.orbitalia.org\/fr\/wp-json\/wp\/v2\/types\/product"}],"wp:featuredmedia":[{"embeddable":true,"href":"https:\/\/olemosaic.orbitalia.org\/fr\/wp-json\/wp\/v2\/media\/9883"}],"wp:attachment":[{"href":"https:\/\/olemosaic.orbitalia.org\/fr\/wp-json\/wp\/v2\/media?parent=30987"}],"wp:term":[{"taxonomy":"product_brand","embeddable":true,"href":"https:\/\/olemosaic.orbitalia.org\/fr\/wp-json\/wp\/v2\/product_brand?post=30987"},{"taxonomy":"product_cat","embeddable":true,"href":"https:\/\/olemosaic.orbitalia.org\/fr\/wp-json\/wp\/v2\/product_cat?post=30987"},{"taxonomy":"product_tag","embeddable":true,"href":"https:\/\/olemosaic.orbitalia.org\/fr\/wp-json\/wp\/v2\/product_tag?post=30987"}],"curies":[{"name":"wp","href":"https:\/\/api.w.org\/{rel}","templated":true}]}}